{"id":45,"date":"2025-12-03T09:30:23","date_gmt":"2025-12-03T09:30:23","guid":{"rendered":"https:\/\/logiso.fr\/index.php\/our-bread\/"},"modified":"2025-12-15T12:33:12","modified_gmt":"2025-12-15T12:33:12","slug":"our-bread","status":"publish","type":"page","link":"https:\/\/logiso.fr\/index.php\/our-bread\/","title":{"rendered":"Isolation des combles et rampants en polyur\u00e9thane projet\u00e9"},"content":{"rendered":"\t\t<div data-elementor-type=\"wp-page\" data-elementor-id=\"45\" class=\"elementor elementor-45\" data-elementor-post-type=\"page\">\n\t\t\t\t<div class=\"elementor-element elementor-element-2c727e35 e-con-full e-flex e-con e-parent\" data-id=\"2c727e35\" data-element_type=\"container\" data-settings=\"{&quot;background_background&quot;:&quot;classic&quot;}\">\n\t\t\t\t<div class=\"elementor-element elementor-element-7ddeb8f9 elementor-widget__width-inherit elementor-widget elementor-widget-flex-hero\" data-id=\"7ddeb8f9\" data-element_type=\"widget\" data-settings=\"{&quot;layout_preset&quot;:&quot;storytelling&quot;,&quot;primary_button_shape&quot;:&quot;sharp&quot;,&quot;image_shape&quot;:&quot;sharp&quot;,&quot;box_shape&quot;:&quot;sharp&quot;}\" data-widget_type=\"flex-hero.default\">\n\t\t\t\t<div class=\"elementor-widget-container\">\n\t\t\t\t\t\t\t<div class=\"has-shape-sharp shape-type-box ehp-flex-hero has-layout-preset-storytelling has-image-stretch\">\n\t\t\t\t\t\t<div class=\"ehp-flex-hero__overlay\"><\/div>\n\t\t\t<div class=\"ehp-flex-hero__content-container\">\n\t\t\t\t<h2 class=\"ehp-flex-hero__heading\">Isolation des combles et rampants en polyur\u00e9thane projet\u00e9<\/h2><h3 class=\"ehp-flex-hero__subheading\">La solution la plus efficace pour limiter les pertes de chaleur par la toiture<\/h3>\t\t\t<div class=\"ehp-flex-hero__ctas-container\">\n\t\t\t\t\t\t\t\t\t\t\t<\/div>\n\t\t\t\t\t<\/div>\n\t\t\t\t<div class=\"ehp-flex-hero__image-wrapper\">\n\t\t\t\t<\/div>\n\t\t\t\t<\/div>\n\t\t\t\t\t\t<\/div>\n\t\t\t\t<\/div>\n\t\t\t\t<\/div>\n\t\t<div class=\"elementor-element elementor-element-a87011a e-flex e-con-boxed e-con e-parent\" data-id=\"a87011a\" data-element_type=\"container\" data-settings=\"{&quot;background_background&quot;:&quot;classic&quot;}\">\n\t\t\t\t\t<div class=\"e-con-inner\">\n\t\t\t\t<div class=\"elementor-element elementor-element-5da7157 elementor-widget elementor-widget-heading\" data-id=\"5da7157\" data-element_type=\"widget\" data-widget_type=\"heading.default\">\n\t\t\t\t\t<h2 class=\"elementor-heading-title elementor-size-default\">La solution la plus efficace pour limiter les pertes de chaleur par la toiture<\/h2>\t\t\t\t<\/div>\n\t\t\t\t<div class=\"elementor-element elementor-element-b1ebfe5 elementor-widget elementor-widget-text-editor\" data-id=\"b1ebfe5\" data-element_type=\"widget\" data-widget_type=\"text-editor.default\">\n\t\t\t\t\t\t\t\t\t<p><span style=\"font-weight: 400;\">L\u2019isolation des combles et des rampants est l\u2019une des actions les plus rentables pour am\u00e9liorer la performance \u00e9nerg\u00e9tique d\u2019un b\u00e2timent.<\/span><\/p>\n<p><span style=\"font-weight: 400;\">Gr\u00e2ce \u00e0 l\u2019isolation en <\/span><b>polyur\u00e9thane projet\u00e9<\/b><span style=\"font-weight: 400;\">, il est possible de cr\u00e9er une <\/span><b>enveloppe isolante continue<\/b><span style=\"font-weight: 400;\">, parfaitement adapt\u00e9e aux formes complexes des toitures, en neuf comme en r\u00e9novation.<\/span><\/p>\n<p><span style=\"font-weight: 400;\">Cette technique garantit un excellent confort thermique hiver comme \u00e9t\u00e9, tout en am\u00e9liorant le confort acoustique.<\/span><\/p>\t\t\t\t\t\t\t\t<\/div>\n\t\t\t\t\t<\/div>\n\t\t\t\t<\/div>\n\t\t<div class=\"elementor-element elementor-element-c2a1b8e e-flex e-con-boxed e-con e-parent\" data-id=\"c2a1b8e\" data-element_type=\"container\">\n\t\t\t\t\t<div class=\"e-con-inner\">\n\t\t\t\t<div class=\"elementor-element elementor-element-07a3358 elementor-widget elementor-widget-heading\" data-id=\"07a3358\" data-element_type=\"widget\" data-widget_type=\"heading.default\">\n\t\t\t\t\t<h2 class=\"elementor-heading-title elementor-size-default\">Pourquoi isoler les combles avec du polyur\u00e9thane projet\u00e9 ?<\/h2>\t\t\t\t<\/div>\n\t\t\t\t<div class=\"elementor-element elementor-element-5a01b94 elementor-widget elementor-widget-text-editor\" data-id=\"5a01b94\" data-element_type=\"widget\" data-widget_type=\"text-editor.default\">\n\t\t\t\t\t\t\t\t\t<p><span style=\"font-weight: 400;\">La chaleur monte naturellement : une toiture mal isol\u00e9e est responsable d\u2019une part importante des d\u00e9perditions thermiques d\u2019un logement.<\/span><\/p>\n<p><span style=\"font-weight: 400;\">Le polyur\u00e9thane projet\u00e9 permet de traiter efficacement cette zone sensible gr\u00e2ce \u00e0 une application <\/span><b>sans joint, sans d\u00e9coupe et sans discontinuit\u00e9<\/b><span style=\"font-weight: 400;\">.<\/span><\/p>\n<h3><b>Les principaux avantages :<\/b><\/h3>\n<ul>\n<li style=\"font-weight: 400;\" aria-level=\"1\"><span style=\"font-weight: 400;\">Isolation thermique tr\u00e8s performante<\/span><\/li>\n<li style=\"font-weight: 400;\" aria-level=\"1\"><span style=\"font-weight: 400;\">Adaptation parfaite aux formes de la charpente<\/span><\/li>\n<li style=\"font-weight: 400;\" aria-level=\"1\"><span style=\"font-weight: 400;\">Suppression des ponts thermiques<\/span><\/li>\n<li style=\"font-weight: 400;\" aria-level=\"1\"><span style=\"font-weight: 400;\">Tr\u00e8s bon confort acoustique<\/span><\/li>\n<li style=\"font-weight: 400;\" aria-level=\"1\"><span style=\"font-weight: 400;\">Mise en \u0153uvre rapide<\/span><\/li>\n<li style=\"font-weight: 400;\" aria-level=\"1\"><span style=\"font-weight: 400;\">S\u00e9chage quasi imm\u00e9diat<\/span><\/li>\n<li style=\"font-weight: 400;\" aria-level=\"1\"><span style=\"font-weight: 400;\">Isolation durable dans le temps<\/span><\/li>\n<\/ul>\t\t\t\t\t\t\t\t<\/div>\n\t\t\t\t\t<\/div>\n\t\t\t\t<\/div>\n\t\t<div class=\"elementor-element elementor-element-d799072 e-flex e-con-boxed e-con e-parent\" data-id=\"d799072\" data-element_type=\"container\" data-settings=\"{&quot;background_background&quot;:&quot;classic&quot;}\">\n\t\t\t\t\t<div class=\"e-con-inner\">\n\t\t\t\t<div class=\"elementor-element elementor-element-7ca54b6 elementor-widget elementor-widget-heading\" data-id=\"7ca54b6\" data-element_type=\"widget\" data-widget_type=\"heading.default\">\n\t\t\t\t\t<h2 class=\"elementor-heading-title elementor-size-default\">Isolation des rampants de toiture<\/h2>\t\t\t\t<\/div>\n\t\t\t\t<div class=\"elementor-element elementor-element-1eac776 elementor-widget elementor-widget-text-editor\" data-id=\"1eac776\" data-element_type=\"widget\" data-widget_type=\"text-editor.default\">\n\t\t\t\t\t\t\t\t\t<p><span style=\"font-weight: 400;\">Pour les rampants et combles am\u00e9nag\u00e9s, on utilise g\u00e9n\u00e9ralement une <\/span><b>mousse polyur\u00e9thane souple \u00e0 cellules ouvertes<\/b><span style=\"font-weight: 400;\">.<\/span><\/p>\n<p><span style=\"font-weight: 400;\">Cette formulation est particuli\u00e8rement adapt\u00e9e aux structures bois et permet :<\/span><\/p>\n<ul>\n<li style=\"font-weight: 400;\" aria-level=\"1\"><span style=\"font-weight: 400;\">Une isolation thermique efficace<\/span><\/li>\n<li style=\"font-weight: 400;\" aria-level=\"1\"><span style=\"font-weight: 400;\">Une am\u00e9lioration significative du confort acoustique<\/span><\/li>\n<li style=\"font-weight: 400;\" aria-level=\"1\"><span style=\"font-weight: 400;\">Une bonne continuit\u00e9 de l\u2019isolation entre chevrons<\/span><\/li>\n<li style=\"font-weight: 400;\" aria-level=\"1\"><span style=\"font-weight: 400;\">Une adaptation aux irr\u00e9gularit\u00e9s de la charpente<\/span><span style=\"font-weight: 400;\"><br \/><br \/><\/span><\/li>\n<\/ul>\n<p><span style=\"font-weight: 400;\">L\u2019isolant \u00e9pouse parfaitement les rampants, sans laisser d\u2019espace non isol\u00e9, ce qui garantit une performance homog\u00e8ne sur l\u2019ensemble de la toiture.<\/span><\/p>\t\t\t\t\t\t\t\t<\/div>\n\t\t\t\t\t<\/div>\n\t\t\t\t<\/div>\n\t\t<div class=\"elementor-element elementor-element-549ea8b e-flex e-con-boxed e-con e-parent\" data-id=\"549ea8b\" data-element_type=\"container\">\n\t\t\t\t\t<div class=\"e-con-inner\">\n\t\t\t\t<div class=\"elementor-element elementor-element-862bb58 elementor-widget elementor-widget-heading\" data-id=\"862bb58\" data-element_type=\"widget\" data-widget_type=\"heading.default\">\n\t\t\t\t\t<h2 class=\"elementor-heading-title elementor-size-default\">Isolation des combles perdus<\/h2>\t\t\t\t<\/div>\n\t\t\t\t<div class=\"elementor-element elementor-element-1d98779 elementor-widget elementor-widget-text-editor\" data-id=\"1d98779\" data-element_type=\"widget\" data-widget_type=\"text-editor.default\">\n\t\t\t\t\t\t\t\t\t<p><span style=\"font-weight: 400;\">Dans le cas des combles perdus, le polyur\u00e9thane projet\u00e9 permet d\u2019isoler efficacement le plancher des combles, m\u00eame lorsque l\u2019acc\u00e8s est difficile.<\/span><\/p>\n<h3><b>Avantages sp\u00e9cifiques :<\/b><\/h3>\n<ul>\n<li style=\"font-weight: 400;\" aria-level=\"1\"><span style=\"font-weight: 400;\">Application dans les recoins et zones peu accessibles<\/span><\/li>\n<li style=\"font-weight: 400;\" aria-level=\"1\"><span style=\"font-weight: 400;\">Isolation continue, sans pont thermique<\/span><\/li>\n<li style=\"font-weight: 400;\" aria-level=\"1\"><span style=\"font-weight: 400;\">Adaptation aux supports irr\u00e9guliers<\/span><\/li>\n<li style=\"font-weight: 400;\" aria-level=\"1\"><span style=\"font-weight: 400;\">Solution propre, sans d\u00e9coupe ni manipulation de panneaux<\/span><span style=\"font-weight: 400;\"><br \/><br \/><\/span><\/li>\n<\/ul>\n<p><span style=\"font-weight: 400;\">Cette technique est id\u00e9ale lorsque les isolants traditionnels sont difficiles \u00e0 mettre en \u0153uvre ou peu efficaces dans certaines zones.<\/span><\/p>\t\t\t\t\t\t\t\t<\/div>\n\t\t\t\t\t<\/div>\n\t\t\t\t<\/div>\n\t\t<div class=\"elementor-element elementor-element-186f08d e-flex e-con-boxed e-con e-parent\" data-id=\"186f08d\" data-element_type=\"container\" data-settings=\"{&quot;background_background&quot;:&quot;classic&quot;}\">\n\t\t\t\t\t<div class=\"e-con-inner\">\n\t\t\t\t<div class=\"elementor-element elementor-element-25d340e elementor-widget elementor-widget-heading\" data-id=\"25d340e\" data-element_type=\"widget\" data-widget_type=\"heading.default\">\n\t\t\t\t\t<h2 class=\"elementor-heading-title elementor-size-default\">Une isolation thermique et acoustique performante<\/h2>\t\t\t\t<\/div>\n\t\t\t\t<div class=\"elementor-element elementor-element-daec21c elementor-widget elementor-widget-text-editor\" data-id=\"daec21c\" data-element_type=\"widget\" data-widget_type=\"text-editor.default\">\n\t\t\t\t\t\t\t\t\t<p><span style=\"font-weight: 400;\">Le polyur\u00e9thane projet\u00e9 utilis\u00e9 pour l\u2019isolation des combles et rampants offre :<\/span><\/p>\n<ul>\n<li style=\"font-weight: 400;\" aria-level=\"1\"><span style=\"font-weight: 400;\">Une excellente r\u00e9sistance thermique adapt\u00e9e aux exigences actuelles<\/span><\/li>\n<li style=\"font-weight: 400;\" aria-level=\"1\"><span style=\"font-weight: 400;\">Un tr\u00e8s bon comportement acoustique, r\u00e9duisant les bruits ext\u00e9rieurs et a\u00e9riens<\/span><\/li>\n<li style=\"font-weight: 400;\" aria-level=\"1\"><span style=\"font-weight: 400;\">Un confort am\u00e9lior\u00e9 \u00e9t\u00e9 comme hiver<\/span><span style=\"font-weight: 400;\"><br \/><br \/><\/span><\/li>\n<\/ul>\n<p><span style=\"font-weight: 400;\">Il contribue \u00e0 maintenir une temp\u00e9rature int\u00e9rieure plus stable et \u00e0 am\u00e9liorer la qualit\u00e9 de vie au quotidien.<\/span><\/p>\t\t\t\t\t\t\t\t<\/div>\n\t\t\t\t\t<\/div>\n\t\t\t\t<\/div>\n\t\t<div class=\"elementor-element elementor-element-c9c9225 e-flex e-con-boxed e-con e-parent\" data-id=\"c9c9225\" data-element_type=\"container\">\n\t\t\t\t\t<div class=\"e-con-inner\">\n\t\t\t\t<div class=\"elementor-element elementor-element-5e67f55 elementor-widget elementor-widget-heading\" data-id=\"5e67f55\" data-element_type=\"widget\" data-widget_type=\"heading.default\">\n\t\t\t\t\t<h2 class=\"elementor-heading-title elementor-size-default\">Pour quels types de b\u00e2timents ?<\/h2>\t\t\t\t<\/div>\n\t\t\t\t<div class=\"elementor-element elementor-element-05a44d2 elementor-widget elementor-widget-text-editor\" data-id=\"05a44d2\" data-element_type=\"widget\" data-widget_type=\"text-editor.default\">\n\t\t\t\t\t\t\t\t\t<p><span style=\"font-weight: 400;\">L\u2019isolation des combles et rampants en polyur\u00e9thane projet\u00e9 est adapt\u00e9e \u00e0 de nombreux projets :<\/span><\/p>\n<ul>\n<li style=\"font-weight: 400;\" aria-level=\"1\"><span style=\"font-weight: 400;\">Maisons individuelles<\/span><\/li>\n<li style=\"font-weight: 400;\" aria-level=\"1\"><span style=\"font-weight: 400;\">Logements collectifs<\/span><\/li>\n<li style=\"font-weight: 400;\" aria-level=\"1\"><span style=\"font-weight: 400;\">Combles am\u00e9nag\u00e9s ou am\u00e9nageables<\/span><\/li>\n<li style=\"font-weight: 400;\" aria-level=\"1\"><span style=\"font-weight: 400;\">Combles perdus<\/span><\/li>\n<li style=\"font-weight: 400;\" aria-level=\"1\"><span style=\"font-weight: 400;\">Construction neuve<\/span><\/li>\n<li style=\"font-weight: 400;\" aria-level=\"1\"><span style=\"font-weight: 400;\">R\u00e9novation \u00e9nerg\u00e9tique<\/span><span style=\"font-weight: 400;\"><br \/><br \/><\/span><\/li>\n<\/ul>\n<p><span style=\"font-weight: 400;\">Chaque chantier est \u00e9tudi\u00e9 afin de d\u00e9finir la solution la plus adapt\u00e9e \u00e0 la configuration du b\u00e2timent.<\/span><\/p>\t\t\t\t\t\t\t\t<\/div>\n\t\t\t\t\t<\/div>\n\t\t\t\t<\/div>\n\t\t<div class=\"elementor-element elementor-element-cd9b06e e-flex e-con-boxed e-con e-parent\" data-id=\"cd9b06e\" data-element_type=\"container\" data-settings=\"{&quot;background_background&quot;:&quot;classic&quot;}\">\n\t\t\t\t\t<div class=\"e-con-inner\">\n\t\t\t\t<div class=\"elementor-element elementor-element-cfbfbe8 elementor-widget elementor-widget-heading\" data-id=\"cfbfbe8\" data-element_type=\"widget\" data-widget_type=\"heading.default\">\n\t\t\t\t\t<h2 class=\"elementor-heading-title elementor-size-default\">Une mise en \u0153uvre rapide et ma\u00eetris\u00e9e<\/h2>\t\t\t\t<\/div>\n\t\t\t\t<div class=\"elementor-element elementor-element-e31229c elementor-widget elementor-widget-text-editor\" data-id=\"e31229c\" data-element_type=\"widget\" data-widget_type=\"text-editor.default\">\n\t\t\t\t\t\t\t\t\t<p><span style=\"font-weight: 400;\">L\u2019application est r\u00e9alis\u00e9e directement sur chantier par des <\/span><b>professionnels qualifi\u00e9s<\/b><span style=\"font-weight: 400;\"> selon un processus pr\u00e9cis :<\/span><\/p>\n<ol>\n<li style=\"font-weight: 400;\" aria-level=\"1\"><span style=\"font-weight: 400;\">Pr\u00e9paration et protection des surfaces<\/span><\/li>\n<li style=\"font-weight: 400;\" aria-level=\"1\"><span style=\"font-weight: 400;\">Projection du polyur\u00e9thane sur les rampants ou planchers de combles<\/span><\/li>\n<li style=\"font-weight: 400;\" aria-level=\"1\"><span style=\"font-weight: 400;\">Contr\u00f4le de l\u2019\u00e9paisseur et de l\u2019homog\u00e9n\u00e9it\u00e9<\/span><\/li>\n<li style=\"font-weight: 400;\" aria-level=\"1\"><span style=\"font-weight: 400;\">S\u00e9chage rapide<\/span><\/li>\n<li style=\"font-weight: 400;\" aria-level=\"1\"><span style=\"font-weight: 400;\">Zone isol\u00e9e pr\u00eate \u00e0 recevoir les finitions ou am\u00e9nagements<\/span><span style=\"font-weight: 400;\"><br \/><br \/><\/span><\/li>\n<\/ol>\n<p><span style=\"font-weight: 400;\">Cette m\u00e9thode permet de limiter les d\u00e9lais et d\u2019assurer une qualit\u00e9 d\u2019ex\u00e9cution constante.<\/span><\/p>\t\t\t\t\t\t\t\t<\/div>\n\t\t\t\t\t<\/div>\n\t\t\t\t<\/div>\n\t\t<div class=\"elementor-element elementor-element-f623a7c e-flex e-con-boxed e-con e-parent\" data-id=\"f623a7c\" data-element_type=\"container\">\n\t\t\t\t\t<div class=\"e-con-inner\">\n\t\t\t\t<div class=\"elementor-element elementor-element-0602b00 elementor-widget elementor-widget-heading\" data-id=\"0602b00\" data-element_type=\"widget\" data-widget_type=\"heading.default\">\n\t\t\t\t\t<h2 class=\"elementor-heading-title elementor-size-default\">Aides financi\u00e8res et r\u00e9novation \u00e9nerg\u00e9tique<\/h2>\t\t\t\t<\/div>\n\t\t\t\t<div class=\"elementor-element elementor-element-d2871c4 elementor-widget elementor-widget-text-editor\" data-id=\"d2871c4\" data-element_type=\"widget\" data-widget_type=\"text-editor.default\">\n\t\t\t\t\t\t\t\t\t<p><span style=\"font-weight: 400;\">L\u2019isolation des combles fait partie des travaux les plus couramment int\u00e9gr\u00e9s dans les projets de r\u00e9novation \u00e9nerg\u00e9tique.<\/span><\/p>\n<p><span style=\"font-weight: 400;\">Selon votre situation et la r\u00e9glementation en vigueur, elle peut \u00eatre \u00e9ligible \u00e0 certains dispositifs d\u2019aides (MaPrimeR\u00e9nov\u2019, CEE, TVA r\u00e9duite, etc.), sous r\u00e9serve de respecter les crit\u00e8res applicables.<\/span><\/p>\n<p><span style=\"font-weight: 400;\">Nous vous accompagnons pour analyser votre projet et vous orienter vers les solutions adapt\u00e9es.<\/span><\/p>\t\t\t\t\t\t\t\t<\/div>\n\t\t\t\t\t<\/div>\n\t\t\t\t<\/div>\n\t\t<div class=\"elementor-element elementor-element-a35ca4e e-flex e-con-boxed e-con e-parent\" data-id=\"a35ca4e\" data-element_type=\"container\" data-settings=\"{&quot;background_background&quot;:&quot;classic&quot;}\">\n\t\t\t\t\t<div class=\"e-con-inner\">\n\t\t\t\t<div class=\"elementor-element elementor-element-6150b98 elementor-widget elementor-widget-heading\" data-id=\"6150b98\" data-element_type=\"widget\" data-widget_type=\"heading.default\">\n\t\t\t\t\t<h2 class=\"elementor-heading-title elementor-size-default\">Confiez l\u2019isolation de vos combles \u00e0 un professionnel<\/h2>\t\t\t\t<\/div>\n\t\t\t\t<div class=\"elementor-element elementor-element-12056b4 elementor-widget elementor-widget-text-editor\" data-id=\"12056b4\" data-element_type=\"widget\" data-widget_type=\"text-editor.default\">\n\t\t\t\t\t\t\t\t\t<p><span style=\"font-weight: 400;\">Une isolation performante commence par un diagnostic pr\u00e9cis.<\/span><\/p>\n<p><span style=\"font-weight: 400;\">Nous r\u00e9alisons une <\/span><b>\u00e9tude personnalis\u00e9e<\/b><span style=\"font-weight: 400;\"> afin de vous proposer une solution d\u2019isolation des combles et rampants efficace, durable et adapt\u00e9e \u00e0 votre b\u00e2timent.<\/span><\/p>\n<p><span style=\"font-weight: 400;\">\ud83d\udc49 <\/span><b>Demandez votre devis gratuit pour l\u2019isolation de vos combles et rampants<\/b><\/p>\n<p><span style=\"font-weight: 400;\">Nos \u00e9quipes vous accompagnent \u00e0 chaque \u00e9tape de votre projet.<\/span><\/p>\t\t\t\t\t\t\t\t<\/div>\n\t\t\t\t\t<\/div>\n\t\t\t\t<\/div>\n\t\t<div class=\"elementor-element elementor-element-f70c857 e-flex e-con-boxed e-con e-parent\" data-id=\"f70c857\" data-element_type=\"container\">\n\t\t\t\t\t<div class=\"e-con-inner\">\n\t\t\t\t<div class=\"elementor-element elementor-element-60a8c79 elementor-widget elementor-widget-heading\" data-id=\"60a8c79\" data-element_type=\"widget\" data-widget_type=\"heading.default\">\n\t\t\t\t\t<h2 class=\"elementor-heading-title elementor-size-default\">FAQ \u2013 Isolation des combles &amp; rampants en polyur\u00e9thane projet\u00e9<\/h2>\t\t\t\t<\/div>\n\t\t\t\t<div class=\"elementor-element elementor-element-d32cfd3 elementor-widget elementor-widget-n-accordion\" data-id=\"d32cfd3\" data-element_type=\"widget\" data-settings=\"{&quot;default_state&quot;:&quot;expanded&quot;,&quot;max_items_expended&quot;:&quot;one&quot;,&quot;n_accordion_animation_duration&quot;:{&quot;unit&quot;:&quot;ms&quot;,&quot;size&quot;:400,&quot;sizes&quot;:[]}}\" data-widget_type=\"nested-accordion.default\">\n\t\t\t\t\t\t\t<div class=\"e-n-accordion\" aria-label=\"Accordion. Open links with Enter or Space, close with Escape, and navigate with Arrow Keys\">\n\t\t\t\t\t\t<details id=\"e-n-accordion-item-2210\" class=\"e-n-accordion-item\" open>\n\t\t\t\t<summary class=\"e-n-accordion-item-title\" data-accordion-index=\"1\" tabindex=\"0\" aria-expanded=\"true\" aria-controls=\"e-n-accordion-item-2210\" >\n\t\t\t\t\t<span class='e-n-accordion-item-title-header'><div class=\"e-n-accordion-item-title-text\"> \u2753 Pourquoi isoler les combles est-il prioritaire en r\u00e9novation \u00e9nerg\u00e9tique ? <\/div><\/span>\n\t\t\t\t\t\t\t<span class='e-n-accordion-item-title-icon'>\n\t\t\t<span class='e-opened' ><svg aria-hidden=\"true\" class=\"e-font-icon-svg e-fas-minus\" viewBox=\"0 0 448 512\" xmlns=\"http:\/\/www.w3.org\/2000\/svg\"><path d=\"M416 208H32c-17.67 0-32 14.33-32 32v32c0 17.67 14.33 32 32 32h384c17.67 0 32-14.33 32-32v-32c0-17.67-14.33-32-32-32z\"><\/path><\/svg><\/span>\n\t\t\t<span class='e-closed'><svg aria-hidden=\"true\" class=\"e-font-icon-svg e-fas-plus\" viewBox=\"0 0 448 512\" xmlns=\"http:\/\/www.w3.org\/2000\/svg\"><path d=\"M416 208H272V64c0-17.67-14.33-32-32-32h-32c-17.67 0-32 14.33-32 32v144H32c-17.67 0-32 14.33-32 32v32c0 17.67 14.33 32 32 32h144v144c0 17.67 14.33 32 32 32h32c17.67 0 32-14.33 32-32V304h144c17.67 0 32-14.33 32-32v-32c0-17.67-14.33-32-32-32z\"><\/path><\/svg><\/span>\n\t\t<\/span>\n\n\t\t\t\t\t\t<\/summary>\n\t\t\t\t<div role=\"region\" aria-labelledby=\"e-n-accordion-item-2210\" class=\"elementor-element elementor-element-72282fb e-con-full e-flex e-con e-child\" data-id=\"72282fb\" data-element_type=\"container\">\n\t\t<div role=\"region\" aria-labelledby=\"e-n-accordion-item-2210\" class=\"elementor-element elementor-element-c9a5ed2 e-flex e-con-boxed e-con e-child\" data-id=\"c9a5ed2\" data-element_type=\"container\">\n\t\t\t\t\t<div class=\"e-con-inner\">\n\t\t\t\t<div class=\"elementor-element elementor-element-9abc027 elementor-widget elementor-widget-text-editor\" data-id=\"9abc027\" data-element_type=\"widget\" data-widget_type=\"text-editor.default\">\n\t\t\t\t\t\t\t\t\t<p><span style=\"font-weight: 400;\">La toiture est la principale zone de d\u00e9perdition thermique d\u2019un logement.<\/span><\/p>\n<p><span style=\"font-weight: 400;\">Isoler les combles permet de r\u00e9duire fortement les pertes de chaleur, d\u2019am\u00e9liorer le confort int\u00e9rieur et de diminuer la consommation \u00e9nerg\u00e9tique, \u00e9t\u00e9 comme hiver.<\/span><\/p>\t\t\t\t\t\t\t\t<\/div>\n\t\t\t\t\t<\/div>\n\t\t\t\t<\/div>\n\t\t\t\t<\/div>\n\t\t\t\t\t<\/details>\n\t\t\t\t\t\t<details id=\"e-n-accordion-item-2211\" class=\"e-n-accordion-item\" >\n\t\t\t\t<summary class=\"e-n-accordion-item-title\" data-accordion-index=\"2\" tabindex=\"-1\" aria-expanded=\"false\" aria-controls=\"e-n-accordion-item-2211\" >\n\t\t\t\t\t<span class='e-n-accordion-item-title-header'><div class=\"e-n-accordion-item-title-text\"> \u2753 Qu\u2019est-ce que l\u2019isolation des combles en polyur\u00e9thane projet\u00e9 ? <\/div><\/span>\n\t\t\t\t\t\t\t<span class='e-n-accordion-item-title-icon'>\n\t\t\t<span class='e-opened' ><svg aria-hidden=\"true\" class=\"e-font-icon-svg e-fas-minus\" viewBox=\"0 0 448 512\" xmlns=\"http:\/\/www.w3.org\/2000\/svg\"><path d=\"M416 208H32c-17.67 0-32 14.33-32 32v32c0 17.67 14.33 32 32 32h384c17.67 0 32-14.33 32-32v-32c0-17.67-14.33-32-32-32z\"><\/path><\/svg><\/span>\n\t\t\t<span class='e-closed'><svg aria-hidden=\"true\" class=\"e-font-icon-svg e-fas-plus\" viewBox=\"0 0 448 512\" xmlns=\"http:\/\/www.w3.org\/2000\/svg\"><path d=\"M416 208H272V64c0-17.67-14.33-32-32-32h-32c-17.67 0-32 14.33-32 32v144H32c-17.67 0-32 14.33-32 32v32c0 17.67 14.33 32 32 32h144v144c0 17.67 14.33 32 32 32h32c17.67 0 32-14.33 32-32V304h144c17.67 0 32-14.33 32-32v-32c0-17.67-14.33-32-32-32z\"><\/path><\/svg><\/span>\n\t\t<\/span>\n\n\t\t\t\t\t\t<\/summary>\n\t\t\t\t<div role=\"region\" aria-labelledby=\"e-n-accordion-item-2211\" class=\"elementor-element elementor-element-ff1d96b e-con-full e-flex e-con e-child\" data-id=\"ff1d96b\" data-element_type=\"container\">\n\t\t<div role=\"region\" aria-labelledby=\"e-n-accordion-item-2211\" class=\"elementor-element elementor-element-b609268 e-flex e-con-boxed e-con e-child\" data-id=\"b609268\" data-element_type=\"container\">\n\t\t\t\t\t<div class=\"e-con-inner\">\n\t\t\t\t<div class=\"elementor-element elementor-element-448c47e elementor-widget elementor-widget-text-editor\" data-id=\"448c47e\" data-element_type=\"widget\" data-widget_type=\"text-editor.default\">\n\t\t\t\t\t\t\t\t\t<p><span style=\"font-weight: 400;\">Il s\u2019agit d\u2019une technique d\u2019isolation consistant \u00e0 projeter une mousse polyur\u00e9thane directement sur les rampants ou le plancher des combles.<\/span><\/p>\n<p><span style=\"font-weight: 400;\">Apr\u00e8s application, la mousse se dilate et forme une couche isolante continue, parfaitement adapt\u00e9e aux formes de la charpente.<\/span><\/p>\t\t\t\t\t\t\t\t<\/div>\n\t\t\t\t\t<\/div>\n\t\t\t\t<\/div>\n\t\t\t\t<\/div>\n\t\t\t\t\t<\/details>\n\t\t\t\t\t\t<details id=\"e-n-accordion-item-2212\" class=\"e-n-accordion-item\" >\n\t\t\t\t<summary class=\"e-n-accordion-item-title\" data-accordion-index=\"3\" tabindex=\"-1\" aria-expanded=\"false\" aria-controls=\"e-n-accordion-item-2212\" >\n\t\t\t\t\t<span class='e-n-accordion-item-title-header'><div class=\"e-n-accordion-item-title-text\"> \u2753 Quelle est la diff\u00e9rence entre combles perdus et combles am\u00e9nag\u00e9s ? <\/div><\/span>\n\t\t\t\t\t\t\t<span class='e-n-accordion-item-title-icon'>\n\t\t\t<span class='e-opened' ><svg aria-hidden=\"true\" class=\"e-font-icon-svg e-fas-minus\" viewBox=\"0 0 448 512\" xmlns=\"http:\/\/www.w3.org\/2000\/svg\"><path d=\"M416 208H32c-17.67 0-32 14.33-32 32v32c0 17.67 14.33 32 32 32h384c17.67 0 32-14.33 32-32v-32c0-17.67-14.33-32-32-32z\"><\/path><\/svg><\/span>\n\t\t\t<span class='e-closed'><svg aria-hidden=\"true\" class=\"e-font-icon-svg e-fas-plus\" viewBox=\"0 0 448 512\" xmlns=\"http:\/\/www.w3.org\/2000\/svg\"><path d=\"M416 208H272V64c0-17.67-14.33-32-32-32h-32c-17.67 0-32 14.33-32 32v144H32c-17.67 0-32 14.33-32 32v32c0 17.67 14.33 32 32 32h144v144c0 17.67 14.33 32 32 32h32c17.67 0 32-14.33 32-32V304h144c17.67 0 32-14.33 32-32v-32c0-17.67-14.33-32-32-32z\"><\/path><\/svg><\/span>\n\t\t<\/span>\n\n\t\t\t\t\t\t<\/summary>\n\t\t\t\t<div role=\"region\" aria-labelledby=\"e-n-accordion-item-2212\" class=\"elementor-element elementor-element-7520edf e-con-full e-flex e-con e-child\" data-id=\"7520edf\" data-element_type=\"container\">\n\t\t<div role=\"region\" aria-labelledby=\"e-n-accordion-item-2212\" class=\"elementor-element elementor-element-65bc9c4 e-flex e-con-boxed e-con e-child\" data-id=\"65bc9c4\" data-element_type=\"container\">\n\t\t\t\t\t<div class=\"e-con-inner\">\n\t\t\t\t<div class=\"elementor-element elementor-element-771492a elementor-widget elementor-widget-text-editor\" data-id=\"771492a\" data-element_type=\"widget\" data-widget_type=\"text-editor.default\">\n\t\t\t\t\t\t\t\t\t<ul>\n<li style=\"font-weight: 400;\" aria-level=\"1\"><b>Combles perdus<\/b><span style=\"font-weight: 400;\"> : espace non habitable, isol\u00e9 g\u00e9n\u00e9ralement au niveau du plancher.<\/span><span style=\"font-weight: 400;\"><br \/><br \/><\/span><\/li>\n<li style=\"font-weight: 400;\" aria-level=\"1\"><b>Combles am\u00e9nag\u00e9s ou am\u00e9nageables<\/b><span style=\"font-weight: 400;\"> : espace de vie sous toiture, isol\u00e9 au niveau des rampants.<\/span><span style=\"font-weight: 400;\"><br \/><br \/><\/span><\/li>\n<\/ul>\n<p><span style=\"font-weight: 400;\">Le polyur\u00e9thane projet\u00e9 s\u2019adapte \u00e0 ces deux configurations.<\/span><\/p>\t\t\t\t\t\t\t\t<\/div>\n\t\t\t\t\t<\/div>\n\t\t\t\t<\/div>\n\t\t\t\t<\/div>\n\t\t\t\t\t<\/details>\n\t\t\t\t\t\t<details id=\"e-n-accordion-item-2213\" class=\"e-n-accordion-item\" >\n\t\t\t\t<summary class=\"e-n-accordion-item-title\" data-accordion-index=\"4\" tabindex=\"-1\" aria-expanded=\"false\" aria-controls=\"e-n-accordion-item-2213\" >\n\t\t\t\t\t<span class='e-n-accordion-item-title-header'><div class=\"e-n-accordion-item-title-text\"> \u2753 Le polyur\u00e9thane projet\u00e9 est-il adapt\u00e9 aux rampants de toiture ? <\/div><\/span>\n\t\t\t\t\t\t\t<span class='e-n-accordion-item-title-icon'>\n\t\t\t<span class='e-opened' ><svg aria-hidden=\"true\" class=\"e-font-icon-svg e-fas-minus\" viewBox=\"0 0 448 512\" xmlns=\"http:\/\/www.w3.org\/2000\/svg\"><path d=\"M416 208H32c-17.67 0-32 14.33-32 32v32c0 17.67 14.33 32 32 32h384c17.67 0 32-14.33 32-32v-32c0-17.67-14.33-32-32-32z\"><\/path><\/svg><\/span>\n\t\t\t<span class='e-closed'><svg aria-hidden=\"true\" class=\"e-font-icon-svg e-fas-plus\" viewBox=\"0 0 448 512\" xmlns=\"http:\/\/www.w3.org\/2000\/svg\"><path d=\"M416 208H272V64c0-17.67-14.33-32-32-32h-32c-17.67 0-32 14.33-32 32v144H32c-17.67 0-32 14.33-32 32v32c0 17.67 14.33 32 32 32h144v144c0 17.67 14.33 32 32 32h32c17.67 0 32-14.33 32-32V304h144c17.67 0 32-14.33 32-32v-32c0-17.67-14.33-32-32-32z\"><\/path><\/svg><\/span>\n\t\t<\/span>\n\n\t\t\t\t\t\t<\/summary>\n\t\t\t\t<div role=\"region\" aria-labelledby=\"e-n-accordion-item-2213\" class=\"elementor-element elementor-element-196030d e-flex e-con-boxed e-con e-child\" data-id=\"196030d\" data-element_type=\"container\">\n\t\t\t\t\t<div class=\"e-con-inner\">\n\t\t<div role=\"region\" aria-labelledby=\"e-n-accordion-item-2213\" class=\"elementor-element elementor-element-fa0ac3c e-con-full e-flex e-con e-child\" data-id=\"fa0ac3c\" data-element_type=\"container\">\n\t\t\t\t<div class=\"elementor-element elementor-element-84a8d8c elementor-widget elementor-widget-text-editor\" data-id=\"84a8d8c\" data-element_type=\"widget\" data-widget_type=\"text-editor.default\">\n\t\t\t\t\t\t\t\t\t<p><span style=\"font-weight: 400;\">Oui.<\/span><\/p>\n<p><span style=\"font-weight: 400;\">Pour les rampants, on utilise g\u00e9n\u00e9ralement une mousse souple \u00e0 cellules ouvertes, particuli\u00e8rement adapt\u00e9e aux structures bois.<\/span><\/p>\n<p><span style=\"font-weight: 400;\">Elle \u00e9pouse parfaitement la charpente et assure une isolation continue, sans pont thermique.<\/span><\/p>\t\t\t\t\t\t\t\t<\/div>\n\t\t\t\t<\/div>\n\t\t\t\t\t<\/div>\n\t\t\t\t<\/div>\n\t\t\t\t\t<\/details>\n\t\t\t\t\t\t<details id=\"e-n-accordion-item-2214\" class=\"e-n-accordion-item\" >\n\t\t\t\t<summary class=\"e-n-accordion-item-title\" data-accordion-index=\"5\" tabindex=\"-1\" aria-expanded=\"false\" aria-controls=\"e-n-accordion-item-2214\" >\n\t\t\t\t\t<span class='e-n-accordion-item-title-header'><div class=\"e-n-accordion-item-title-text\"> \u2753 Le polyur\u00e9thane projet\u00e9 am\u00e9liore-t-il l\u2019isolation acoustique ? <\/div><\/span>\n\t\t\t\t\t\t\t<span class='e-n-accordion-item-title-icon'>\n\t\t\t<span class='e-opened' ><svg aria-hidden=\"true\" class=\"e-font-icon-svg e-fas-minus\" viewBox=\"0 0 448 512\" xmlns=\"http:\/\/www.w3.org\/2000\/svg\"><path d=\"M416 208H32c-17.67 0-32 14.33-32 32v32c0 17.67 14.33 32 32 32h384c17.67 0 32-14.33 32-32v-32c0-17.67-14.33-32-32-32z\"><\/path><\/svg><\/span>\n\t\t\t<span class='e-closed'><svg aria-hidden=\"true\" class=\"e-font-icon-svg e-fas-plus\" viewBox=\"0 0 448 512\" xmlns=\"http:\/\/www.w3.org\/2000\/svg\"><path d=\"M416 208H272V64c0-17.67-14.33-32-32-32h-32c-17.67 0-32 14.33-32 32v144H32c-17.67 0-32 14.33-32 32v32c0 17.67 14.33 32 32 32h144v144c0 17.67 14.33 32 32 32h32c17.67 0 32-14.33 32-32V304h144c17.67 0 32-14.33 32-32v-32c0-17.67-14.33-32-32-32z\"><\/path><\/svg><\/span>\n\t\t<\/span>\n\n\t\t\t\t\t\t<\/summary>\n\t\t\t\t<div role=\"region\" aria-labelledby=\"e-n-accordion-item-2214\" class=\"elementor-element elementor-element-40e0e19 e-flex e-con-boxed e-con e-child\" data-id=\"40e0e19\" data-element_type=\"container\">\n\t\t\t\t\t<div class=\"e-con-inner\">\n\t\t<div role=\"region\" aria-labelledby=\"e-n-accordion-item-2214\" class=\"elementor-element elementor-element-3965c4e e-con-full e-flex e-con e-child\" data-id=\"3965c4e\" data-element_type=\"container\">\n\t\t\t\t<div class=\"elementor-element elementor-element-08dbf2e elementor-widget elementor-widget-text-editor\" data-id=\"08dbf2e\" data-element_type=\"widget\" data-widget_type=\"text-editor.default\">\n\t\t\t\t\t\t\t\t\t<p><span style=\"font-weight: 400;\">Oui.<\/span><\/p>\n<p><span style=\"font-weight: 400;\">En plus de ses performances thermiques, le polyur\u00e9thane projet\u00e9 am\u00e9liore le confort acoustique en limitant la transmission des bruits a\u00e9riens ext\u00e9rieurs, notamment sous toiture.<\/span><\/p>\t\t\t\t\t\t\t\t<\/div>\n\t\t\t\t<\/div>\n\t\t\t\t\t<\/div>\n\t\t\t\t<\/div>\n\t\t\t\t\t<\/details>\n\t\t\t\t\t\t<details id=\"e-n-accordion-item-2215\" class=\"e-n-accordion-item\" >\n\t\t\t\t<summary class=\"e-n-accordion-item-title\" data-accordion-index=\"6\" tabindex=\"-1\" aria-expanded=\"false\" aria-controls=\"e-n-accordion-item-2215\" >\n\t\t\t\t\t<span class='e-n-accordion-item-title-header'><div class=\"e-n-accordion-item-title-text\"> \u2753 Peut-on isoler des combles difficiles d\u2019acc\u00e8s avec du polyur\u00e9thane projet\u00e9 ? <\/div><\/span>\n\t\t\t\t\t\t\t<span class='e-n-accordion-item-title-icon'>\n\t\t\t<span class='e-opened' ><svg aria-hidden=\"true\" class=\"e-font-icon-svg e-fas-minus\" viewBox=\"0 0 448 512\" xmlns=\"http:\/\/www.w3.org\/2000\/svg\"><path d=\"M416 208H32c-17.67 0-32 14.33-32 32v32c0 17.67 14.33 32 32 32h384c17.67 0 32-14.33 32-32v-32c0-17.67-14.33-32-32-32z\"><\/path><\/svg><\/span>\n\t\t\t<span class='e-closed'><svg aria-hidden=\"true\" class=\"e-font-icon-svg e-fas-plus\" viewBox=\"0 0 448 512\" xmlns=\"http:\/\/www.w3.org\/2000\/svg\"><path d=\"M416 208H272V64c0-17.67-14.33-32-32-32h-32c-17.67 0-32 14.33-32 32v144H32c-17.67 0-32 14.33-32 32v32c0 17.67 14.33 32 32 32h144v144c0 17.67 14.33 32 32 32h32c17.67 0 32-14.33 32-32V304h144c17.67 0 32-14.33 32-32v-32c0-17.67-14.33-32-32-32z\"><\/path><\/svg><\/span>\n\t\t<\/span>\n\n\t\t\t\t\t\t<\/summary>\n\t\t\t\t<div role=\"region\" aria-labelledby=\"e-n-accordion-item-2215\" class=\"elementor-element elementor-element-dcbcbec e-flex e-con-boxed e-con e-child\" data-id=\"dcbcbec\" data-element_type=\"container\">\n\t\t\t\t\t<div class=\"e-con-inner\">\n\t\t<div role=\"region\" aria-labelledby=\"e-n-accordion-item-2215\" class=\"elementor-element elementor-element-85ae5fd e-con-full e-flex e-con e-child\" data-id=\"85ae5fd\" data-element_type=\"container\">\n\t\t\t\t<div class=\"elementor-element elementor-element-af24ade elementor-widget elementor-widget-text-editor\" data-id=\"af24ade\" data-element_type=\"widget\" data-widget_type=\"text-editor.default\">\n\t\t\t\t\t\t\t\t\t<p><span style=\"font-weight: 400;\">Oui.<\/span><\/p>\n<p><span style=\"font-weight: 400;\">L\u2019un des grands avantages du polyur\u00e9thane projet\u00e9 est sa capacit\u00e9 \u00e0 \u00eatre appliqu\u00e9 dans des zones complexes ou peu accessibles, l\u00e0 o\u00f9 les isolants traditionnels sont difficiles \u00e0 poser.<\/span><\/p>\t\t\t\t\t\t\t\t<\/div>\n\t\t\t\t<\/div>\n\t\t\t\t\t<\/div>\n\t\t\t\t<\/div>\n\t\t\t\t\t<\/details>\n\t\t\t\t\t\t<details id=\"e-n-accordion-item-2216\" class=\"e-n-accordion-item\" >\n\t\t\t\t<summary class=\"e-n-accordion-item-title\" data-accordion-index=\"7\" tabindex=\"-1\" aria-expanded=\"false\" aria-controls=\"e-n-accordion-item-2216\" >\n\t\t\t\t\t<span class='e-n-accordion-item-title-header'><div class=\"e-n-accordion-item-title-text\"> \u2753 Quelle \u00e9paisseur est n\u00e9cessaire pour isoler des combles ? <\/div><\/span>\n\t\t\t\t\t\t\t<span class='e-n-accordion-item-title-icon'>\n\t\t\t<span class='e-opened' ><svg aria-hidden=\"true\" class=\"e-font-icon-svg e-fas-minus\" viewBox=\"0 0 448 512\" xmlns=\"http:\/\/www.w3.org\/2000\/svg\"><path d=\"M416 208H32c-17.67 0-32 14.33-32 32v32c0 17.67 14.33 32 32 32h384c17.67 0 32-14.33 32-32v-32c0-17.67-14.33-32-32-32z\"><\/path><\/svg><\/span>\n\t\t\t<span class='e-closed'><svg aria-hidden=\"true\" class=\"e-font-icon-svg e-fas-plus\" viewBox=\"0 0 448 512\" xmlns=\"http:\/\/www.w3.org\/2000\/svg\"><path d=\"M416 208H272V64c0-17.67-14.33-32-32-32h-32c-17.67 0-32 14.33-32 32v144H32c-17.67 0-32 14.33-32 32v32c0 17.67 14.33 32 32 32h144v144c0 17.67 14.33 32 32 32h32c17.67 0 32-14.33 32-32V304h144c17.67 0 32-14.33 32-32v-32c0-17.67-14.33-32-32-32z\"><\/path><\/svg><\/span>\n\t\t<\/span>\n\n\t\t\t\t\t\t<\/summary>\n\t\t\t\t<div role=\"region\" aria-labelledby=\"e-n-accordion-item-2216\" class=\"elementor-element elementor-element-990cb6c e-flex e-con-boxed e-con e-child\" data-id=\"990cb6c\" data-element_type=\"container\">\n\t\t\t\t\t<div class=\"e-con-inner\">\n\t\t<div role=\"region\" aria-labelledby=\"e-n-accordion-item-2216\" class=\"elementor-element elementor-element-08679d8 e-con-full e-flex e-con e-child\" data-id=\"08679d8\" data-element_type=\"container\">\n\t\t\t\t<div class=\"elementor-element elementor-element-3117454 elementor-widget elementor-widget-text-editor\" data-id=\"3117454\" data-element_type=\"widget\" data-widget_type=\"text-editor.default\">\n\t\t\t\t\t\t\t\t\t<p><span style=\"font-weight: 400;\">L\u2019\u00e9paisseur d\u00e9pend du niveau de performance thermique recherch\u00e9, de la configuration des combles et des contraintes techniques du b\u00e2timent.<\/span><\/p>\n<p><span style=\"font-weight: 400;\">Il n\u2019existe pas d\u2019\u00e9paisseur unique : une \u00e9tude pr\u00e9alable permet de d\u00e9finir la solution la plus adapt\u00e9e.<\/span><\/p>\t\t\t\t\t\t\t\t<\/div>\n\t\t\t\t<\/div>\n\t\t\t\t\t<\/div>\n\t\t\t\t<\/div>\n\t\t\t\t\t<\/details>\n\t\t\t\t\t\t<details id=\"e-n-accordion-item-2217\" class=\"e-n-accordion-item\" >\n\t\t\t\t<summary class=\"e-n-accordion-item-title\" data-accordion-index=\"8\" tabindex=\"-1\" aria-expanded=\"false\" aria-controls=\"e-n-accordion-item-2217\" >\n\t\t\t\t\t<span class='e-n-accordion-item-title-header'><div class=\"e-n-accordion-item-title-text\"> \u2753 Combien de temps dure un chantier d\u2019isolation des combles ? <\/div><\/span>\n\t\t\t\t\t\t\t<span class='e-n-accordion-item-title-icon'>\n\t\t\t<span class='e-opened' ><svg aria-hidden=\"true\" class=\"e-font-icon-svg e-fas-minus\" viewBox=\"0 0 448 512\" xmlns=\"http:\/\/www.w3.org\/2000\/svg\"><path d=\"M416 208H32c-17.67 0-32 14.33-32 32v32c0 17.67 14.33 32 32 32h384c17.67 0 32-14.33 32-32v-32c0-17.67-14.33-32-32-32z\"><\/path><\/svg><\/span>\n\t\t\t<span class='e-closed'><svg aria-hidden=\"true\" class=\"e-font-icon-svg e-fas-plus\" viewBox=\"0 0 448 512\" xmlns=\"http:\/\/www.w3.org\/2000\/svg\"><path d=\"M416 208H272V64c0-17.67-14.33-32-32-32h-32c-17.67 0-32 14.33-32 32v144H32c-17.67 0-32 14.33-32 32v32c0 17.67 14.33 32 32 32h144v144c0 17.67 14.33 32 32 32h32c17.67 0 32-14.33 32-32V304h144c17.67 0 32-14.33 32-32v-32c0-17.67-14.33-32-32-32z\"><\/path><\/svg><\/span>\n\t\t<\/span>\n\n\t\t\t\t\t\t<\/summary>\n\t\t\t\t<div role=\"region\" aria-labelledby=\"e-n-accordion-item-2217\" class=\"elementor-element elementor-element-e848693 e-flex e-con-boxed e-con e-child\" data-id=\"e848693\" data-element_type=\"container\">\n\t\t\t\t\t<div class=\"e-con-inner\">\n\t\t<div role=\"region\" aria-labelledby=\"e-n-accordion-item-2217\" class=\"elementor-element elementor-element-ec38d08 e-con-full e-flex e-con e-child\" data-id=\"ec38d08\" data-element_type=\"container\">\n\t\t\t\t<div class=\"elementor-element elementor-element-5145b6a elementor-widget elementor-widget-text-editor\" data-id=\"5145b6a\" data-element_type=\"widget\" data-widget_type=\"text-editor.default\">\n\t\t\t\t\t\t\t\t\t<p><span style=\"font-weight: 400;\">Dans la majorit\u00e9 des cas, l\u2019application de l\u2019isolant est r\u00e9alis\u00e9e en une journ\u00e9e.<\/span><\/p>\n<p><span style=\"font-weight: 400;\">Le s\u00e9chage est rapide, ce qui permet d\u2019encha\u00eener rapidement avec les \u00e9tapes suivantes du chantier.<\/span><\/p>\t\t\t\t\t\t\t\t<\/div>\n\t\t\t\t<\/div>\n\t\t\t\t\t<\/div>\n\t\t\t\t<\/div>\n\t\t\t\t\t<\/details>\n\t\t\t\t\t\t<details id=\"e-n-accordion-item-2218\" class=\"e-n-accordion-item\" >\n\t\t\t\t<summary class=\"e-n-accordion-item-title\" data-accordion-index=\"9\" tabindex=\"-1\" aria-expanded=\"false\" aria-controls=\"e-n-accordion-item-2218\" >\n\t\t\t\t\t<span class='e-n-accordion-item-title-header'><div class=\"e-n-accordion-item-title-text\"> \u2753 L\u2019isolation des combles en polyur\u00e9thane projet\u00e9 est-elle durable ? <\/div><\/span>\n\t\t\t\t\t\t\t<span class='e-n-accordion-item-title-icon'>\n\t\t\t<span class='e-opened' ><svg aria-hidden=\"true\" class=\"e-font-icon-svg e-fas-minus\" viewBox=\"0 0 448 512\" xmlns=\"http:\/\/www.w3.org\/2000\/svg\"><path d=\"M416 208H32c-17.67 0-32 14.33-32 32v32c0 17.67 14.33 32 32 32h384c17.67 0 32-14.33 32-32v-32c0-17.67-14.33-32-32-32z\"><\/path><\/svg><\/span>\n\t\t\t<span class='e-closed'><svg aria-hidden=\"true\" class=\"e-font-icon-svg e-fas-plus\" viewBox=\"0 0 448 512\" xmlns=\"http:\/\/www.w3.org\/2000\/svg\"><path d=\"M416 208H272V64c0-17.67-14.33-32-32-32h-32c-17.67 0-32 14.33-32 32v144H32c-17.67 0-32 14.33-32 32v32c0 17.67 14.33 32 32 32h144v144c0 17.67 14.33 32 32 32h32c17.67 0 32-14.33 32-32V304h144c17.67 0 32-14.33 32-32v-32c0-17.67-14.33-32-32-32z\"><\/path><\/svg><\/span>\n\t\t<\/span>\n\n\t\t\t\t\t\t<\/summary>\n\t\t\t\t<div role=\"region\" aria-labelledby=\"e-n-accordion-item-2218\" class=\"elementor-element elementor-element-24a0ad9 e-flex e-con-boxed e-con e-child\" data-id=\"24a0ad9\" data-element_type=\"container\">\n\t\t\t\t\t<div class=\"e-con-inner\">\n\t\t<div role=\"region\" aria-labelledby=\"e-n-accordion-item-2218\" class=\"elementor-element elementor-element-c482acb e-con-full e-flex e-con e-child\" data-id=\"c482acb\" data-element_type=\"container\">\n\t\t\t\t<div class=\"elementor-element elementor-element-ba2486b elementor-widget elementor-widget-text-editor\" data-id=\"ba2486b\" data-element_type=\"widget\" data-widget_type=\"text-editor.default\">\n\t\t\t\t\t\t\t\t\t<p><span style=\"font-weight: 400;\">Oui.<\/span><\/p>\n<p><span style=\"font-weight: 400;\">Le polyur\u00e9thane projet\u00e9 est un isolant stable qui conserve ses performances thermiques et m\u00e9caniques dans le temps, sans tassement, dans des conditions normales d\u2019utilisation.<\/span><\/p>\t\t\t\t\t\t\t\t<\/div>\n\t\t\t\t<\/div>\n\t\t\t\t\t<\/div>\n\t\t\t\t<\/div>\n\t\t\t\t\t<\/details>\n\t\t\t\t\t\t<details id=\"e-n-accordion-item-2219\" class=\"e-n-accordion-item\" >\n\t\t\t\t<summary class=\"e-n-accordion-item-title\" data-accordion-index=\"10\" tabindex=\"-1\" aria-expanded=\"false\" aria-controls=\"e-n-accordion-item-2219\" >\n\t\t\t\t\t<span class='e-n-accordion-item-title-header'><div class=\"e-n-accordion-item-title-text\"> \u2753 L\u2019isolation des combles est-elle \u00e9ligible aux aides financi\u00e8res ? <\/div><\/span>\n\t\t\t\t\t\t\t<span class='e-n-accordion-item-title-icon'>\n\t\t\t<span class='e-opened' ><svg aria-hidden=\"true\" class=\"e-font-icon-svg e-fas-minus\" viewBox=\"0 0 448 512\" xmlns=\"http:\/\/www.w3.org\/2000\/svg\"><path d=\"M416 208H32c-17.67 0-32 14.33-32 32v32c0 17.67 14.33 32 32 32h384c17.67 0 32-14.33 32-32v-32c0-17.67-14.33-32-32-32z\"><\/path><\/svg><\/span>\n\t\t\t<span class='e-closed'><svg aria-hidden=\"true\" class=\"e-font-icon-svg e-fas-plus\" viewBox=\"0 0 448 512\" xmlns=\"http:\/\/www.w3.org\/2000\/svg\"><path d=\"M416 208H272V64c0-17.67-14.33-32-32-32h-32c-17.67 0-32 14.33-32 32v144H32c-17.67 0-32 14.33-32 32v32c0 17.67 14.33 32 32 32h144v144c0 17.67 14.33 32 32 32h32c17.67 0 32-14.33 32-32V304h144c17.67 0 32-14.33 32-32v-32c0-17.67-14.33-32-32-32z\"><\/path><\/svg><\/span>\n\t\t<\/span>\n\n\t\t\t\t\t\t<\/summary>\n\t\t\t\t<div role=\"region\" aria-labelledby=\"e-n-accordion-item-2219\" class=\"elementor-element elementor-element-1bd974a e-flex e-con-boxed e-con e-child\" data-id=\"1bd974a\" data-element_type=\"container\">\n\t\t\t\t\t<div class=\"e-con-inner\">\n\t\t<div role=\"region\" aria-labelledby=\"e-n-accordion-item-2219\" class=\"elementor-element elementor-element-601ded1 e-con-full e-flex e-con e-child\" data-id=\"601ded1\" data-element_type=\"container\">\n\t\t\t\t<div class=\"elementor-element elementor-element-f91e710 elementor-widget elementor-widget-text-editor\" data-id=\"f91e710\" data-element_type=\"widget\" data-widget_type=\"text-editor.default\">\n\t\t\t\t\t\t\t\t\t<p><span style=\"font-weight: 400;\">Selon la r\u00e9glementation en vigueur, l\u2019isolation des combles peut s\u2019inscrire dans un projet de r\u00e9novation \u00e9nerg\u00e9tique ouvrant droit \u00e0 certaines aides (MaPrimeR\u00e9nov\u2019, CEE, TVA r\u00e9duite, etc.), sous r\u00e9serve de respecter les crit\u00e8res applicables.<\/span><\/p>\t\t\t\t\t\t\t\t<\/div>\n\t\t\t\t<\/div>\n\t\t\t\t\t<\/div>\n\t\t\t\t<\/div>\n\t\t\t\t\t<\/details>\n\t\t\t\t\t\t<details id=\"e-n-accordion-item-22110\" class=\"e-n-accordion-item\" >\n\t\t\t\t<summary class=\"e-n-accordion-item-title\" data-accordion-index=\"11\" tabindex=\"-1\" aria-expanded=\"false\" aria-controls=\"e-n-accordion-item-22110\" >\n\t\t\t\t\t<span class='e-n-accordion-item-title-header'><div class=\"e-n-accordion-item-title-text\"> \u2753 Comment obtenir un devis pour isoler mes combles ou rampants ? <\/div><\/span>\n\t\t\t\t\t\t\t<span class='e-n-accordion-item-title-icon'>\n\t\t\t<span class='e-opened' ><svg aria-hidden=\"true\" class=\"e-font-icon-svg e-fas-minus\" viewBox=\"0 0 448 512\" xmlns=\"http:\/\/www.w3.org\/2000\/svg\"><path d=\"M416 208H32c-17.67 0-32 14.33-32 32v32c0 17.67 14.33 32 32 32h384c17.67 0 32-14.33 32-32v-32c0-17.67-14.33-32-32-32z\"><\/path><\/svg><\/span>\n\t\t\t<span class='e-closed'><svg aria-hidden=\"true\" class=\"e-font-icon-svg e-fas-plus\" viewBox=\"0 0 448 512\" xmlns=\"http:\/\/www.w3.org\/2000\/svg\"><path d=\"M416 208H272V64c0-17.67-14.33-32-32-32h-32c-17.67 0-32 14.33-32 32v144H32c-17.67 0-32 14.33-32 32v32c0 17.67 14.33 32 32 32h144v144c0 17.67 14.33 32 32 32h32c17.67 0 32-14.33 32-32V304h144c17.67 0 32-14.33 32-32v-32c0-17.67-14.33-32-32-32z\"><\/path><\/svg><\/span>\n\t\t<\/span>\n\n\t\t\t\t\t\t<\/summary>\n\t\t\t\t<div role=\"region\" aria-labelledby=\"e-n-accordion-item-22110\" class=\"elementor-element elementor-element-dd77349 e-flex e-con-boxed e-con e-child\" data-id=\"dd77349\" data-element_type=\"container\">\n\t\t\t\t\t<div class=\"e-con-inner\">\n\t\t<div role=\"region\" aria-labelledby=\"e-n-accordion-item-22110\" class=\"elementor-element elementor-element-a3e9702 e-con-full e-flex e-con e-child\" data-id=\"a3e9702\" data-element_type=\"container\">\n\t\t\t\t<div class=\"elementor-element elementor-element-495ff26 elementor-widget elementor-widget-text-editor\" data-id=\"495ff26\" data-element_type=\"widget\" data-widget_type=\"text-editor.default\">\n\t\t\t\t\t\t\t\t\t<p><span style=\"font-weight: 400;\">Il suffit de nous contacter pour une <\/span><b>\u00e9tude personnalis\u00e9e et un devis gratuit<\/b><span style=\"font-weight: 400;\">.<\/span><\/p>\n<p><span style=\"font-weight: 400;\">Nos \u00e9quipes analysent votre projet et vous proposent la solution d\u2019isolation la plus adapt\u00e9e.<\/span><\/p>\n<p><span style=\"font-weight: 400;\">\ud83d\udc49 <\/span><b>Demander un devis pour l\u2019isolation des combles<\/b><\/p>\t\t\t\t\t\t\t\t<\/div>\n\t\t\t\t<\/div>\n\t\t\t\t\t<\/div>\n\t\t\t\t<\/div>\n\t\t\t\t\t<\/details>\n\t\t\t\t\t<\/div>\n\t\t\t\t\t\t<\/div>\n\t\t\t\t\t<\/div>\n\t\t\t\t<\/div>\n\t\t\t\t<\/div>\n\t\t","protected":false},"excerpt":{"rendered":"<p>Isolation des combles et rampants en polyur\u00e9thane projet\u00e9 La solution la plus efficace pour limiter les pertes de chaleur par la toiture La solution la plus efficace pour limiter les pertes de chaleur par la toiture L\u2019isolation des combles et des rampants est l\u2019une des actions les plus rentables pour am\u00e9liorer la performance \u00e9nerg\u00e9tique d\u2019un [&hellip;]<\/p>\n","protected":false},"author":1,"featured_media":0,"parent":0,"menu_order":0,"comment_status":"closed","ping_status":"closed","template":"elementor_header_footer","meta":{"footnotes":""},"class_list":["post-45","page","type-page","status-publish","hentry"],"yoast_head":"<!-- This site is optimized with the Yoast SEO plugin v26.5 - https:\/\/yoast.com\/wordpress\/plugins\/seo\/ -->\n<title>Isolation combles &amp; rampants polyur\u00e9thane projet\u00e9 \u2013 Devis<\/title>\n<meta name=\"description\" content=\"Isolez vos combles et rampants avec le polyur\u00e9thane projet\u00e9 : isolation continue, rapide et adapt\u00e9e aux toitures complexes. Devis gratuit\" \/>\n<meta name=\"robots\" content=\"index, follow, max-snippet:-1, max-image-preview:large, max-video-preview:-1\" \/>\n<link rel=\"canonical\" href=\"https:\/\/logiso.fr\/index.php\/our-bread\/\" \/>\n<meta property=\"og:locale\" content=\"en_US\" \/>\n<meta property=\"og:type\" content=\"article\" \/>\n<meta property=\"og:title\" content=\"Isolation combles &amp; rampants polyur\u00e9thane projet\u00e9 \u2013 Devis\" \/>\n<meta property=\"og:description\" content=\"Isolez vos combles et rampants avec le polyur\u00e9thane projet\u00e9 : isolation continue, rapide et adapt\u00e9e aux toitures complexes. Devis gratuit\" \/>\n<meta property=\"og:url\" content=\"https:\/\/logiso.fr\/index.php\/our-bread\/\" \/>\n<meta property=\"og:site_name\" content=\"Logiso\" \/>\n<meta property=\"article:modified_time\" content=\"2025-12-15T12:33:12+00:00\" \/>\n<meta name=\"twitter:card\" content=\"summary_large_image\" \/>\n<meta name=\"twitter:label1\" content=\"Est. reading time\" \/>\n\t<meta name=\"twitter:data1\" content=\"1 minute\" \/>\n<script type=\"application\/ld+json\" class=\"yoast-schema-graph\">{\"@context\":\"https:\/\/schema.org\",\"@graph\":[{\"@type\":\"WebPage\",\"@id\":\"https:\/\/logiso.fr\/index.php\/our-bread\/\",\"url\":\"https:\/\/logiso.fr\/index.php\/our-bread\/\",\"name\":\"Isolation combles & rampants polyur\u00e9thane projet\u00e9 \u2013 Devis\",\"isPartOf\":{\"@id\":\"https:\/\/logiso.fr\/#website\"},\"datePublished\":\"2025-12-03T09:30:23+00:00\",\"dateModified\":\"2025-12-15T12:33:12+00:00\",\"description\":\"Isolez vos combles et rampants avec le polyur\u00e9thane projet\u00e9 : isolation continue, rapide et adapt\u00e9e aux toitures complexes. Devis gratuit\",\"breadcrumb\":{\"@id\":\"https:\/\/logiso.fr\/index.php\/our-bread\/#breadcrumb\"},\"inLanguage\":\"en-US\",\"potentialAction\":[{\"@type\":\"ReadAction\",\"target\":[\"https:\/\/logiso.fr\/index.php\/our-bread\/\"]}]},{\"@type\":\"BreadcrumbList\",\"@id\":\"https:\/\/logiso.fr\/index.php\/our-bread\/#breadcrumb\",\"itemListElement\":[{\"@type\":\"ListItem\",\"position\":1,\"name\":\"Home\",\"item\":\"https:\/\/logiso.fr\/\"},{\"@type\":\"ListItem\",\"position\":2,\"name\":\"Isolation des combles et rampants en polyur\u00e9thane projet\u00e9\"}]},{\"@type\":\"WebSite\",\"@id\":\"https:\/\/logiso.fr\/#website\",\"url\":\"https:\/\/logiso.fr\/\",\"name\":\"Logiso\",\"description\":\"\",\"potentialAction\":[{\"@type\":\"SearchAction\",\"target\":{\"@type\":\"EntryPoint\",\"urlTemplate\":\"https:\/\/logiso.fr\/?s={search_term_string}\"},\"query-input\":{\"@type\":\"PropertyValueSpecification\",\"valueRequired\":true,\"valueName\":\"search_term_string\"}}],\"inLanguage\":\"en-US\"}]}<\/script>\n<!-- \/ Yoast SEO plugin. -->","yoast_head_json":{"title":"Isolation combles & rampants polyur\u00e9thane projet\u00e9 \u2013 Devis","description":"Isolez vos combles et rampants avec le polyur\u00e9thane projet\u00e9 : isolation continue, rapide et adapt\u00e9e aux toitures complexes. Devis gratuit","robots":{"index":"index","follow":"follow","max-snippet":"max-snippet:-1","max-image-preview":"max-image-preview:large","max-video-preview":"max-video-preview:-1"},"canonical":"https:\/\/logiso.fr\/index.php\/our-bread\/","og_locale":"en_US","og_type":"article","og_title":"Isolation combles & rampants polyur\u00e9thane projet\u00e9 \u2013 Devis","og_description":"Isolez vos combles et rampants avec le polyur\u00e9thane projet\u00e9 : isolation continue, rapide et adapt\u00e9e aux toitures complexes. Devis gratuit","og_url":"https:\/\/logiso.fr\/index.php\/our-bread\/","og_site_name":"Logiso","article_modified_time":"2025-12-15T12:33:12+00:00","twitter_card":"summary_large_image","twitter_misc":{"Est. reading time":"1 minute"},"schema":{"@context":"https:\/\/schema.org","@graph":[{"@type":"WebPage","@id":"https:\/\/logiso.fr\/index.php\/our-bread\/","url":"https:\/\/logiso.fr\/index.php\/our-bread\/","name":"Isolation combles & rampants polyur\u00e9thane projet\u00e9 \u2013 Devis","isPartOf":{"@id":"https:\/\/logiso.fr\/#website"},"datePublished":"2025-12-03T09:30:23+00:00","dateModified":"2025-12-15T12:33:12+00:00","description":"Isolez vos combles et rampants avec le polyur\u00e9thane projet\u00e9 : isolation continue, rapide et adapt\u00e9e aux toitures complexes. Devis gratuit","breadcrumb":{"@id":"https:\/\/logiso.fr\/index.php\/our-bread\/#breadcrumb"},"inLanguage":"en-US","potentialAction":[{"@type":"ReadAction","target":["https:\/\/logiso.fr\/index.php\/our-bread\/"]}]},{"@type":"BreadcrumbList","@id":"https:\/\/logiso.fr\/index.php\/our-bread\/#breadcrumb","itemListElement":[{"@type":"ListItem","position":1,"name":"Home","item":"https:\/\/logiso.fr\/"},{"@type":"ListItem","position":2,"name":"Isolation des combles et rampants en polyur\u00e9thane projet\u00e9"}]},{"@type":"WebSite","@id":"https:\/\/logiso.fr\/#website","url":"https:\/\/logiso.fr\/","name":"Logiso","description":"","potentialAction":[{"@type":"SearchAction","target":{"@type":"EntryPoint","urlTemplate":"https:\/\/logiso.fr\/?s={search_term_string}"},"query-input":{"@type":"PropertyValueSpecification","valueRequired":true,"valueName":"search_term_string"}}],"inLanguage":"en-US"}]}},"_links":{"self":[{"href":"https:\/\/logiso.fr\/index.php\/wp-json\/wp\/v2\/pages\/45","targetHints":{"allow":["GET"]}}],"collection":[{"href":"https:\/\/logiso.fr\/index.php\/wp-json\/wp\/v2\/pages"}],"about":[{"href":"https:\/\/logiso.fr\/index.php\/wp-json\/wp\/v2\/types\/page"}],"author":[{"embeddable":true,"href":"https:\/\/logiso.fr\/index.php\/wp-json\/wp\/v2\/users\/1"}],"replies":[{"embeddable":true,"href":"https:\/\/logiso.fr\/index.php\/wp-json\/wp\/v2\/comments?post=45"}],"version-history":[{"count":8,"href":"https:\/\/logiso.fr\/index.php\/wp-json\/wp\/v2\/pages\/45\/revisions"}],"predecessor-version":[{"id":135,"href":"https:\/\/logiso.fr\/index.php\/wp-json\/wp\/v2\/pages\/45\/revisions\/135"}],"wp:attachment":[{"href":"https:\/\/logiso.fr\/index.php\/wp-json\/wp\/v2\/media?parent=45"}],"curies":[{"name":"wp","href":"https:\/\/api.w.org\/{rel}","templated":true}]}}