{"id":137,"date":"2025-12-15T12:47:59","date_gmt":"2025-12-15T12:47:59","guid":{"rendered":"https:\/\/logiso.fr\/?page_id=137"},"modified":"2025-12-15T12:55:42","modified_gmt":"2025-12-15T12:55:42","slug":"isolation-des-sols-et-planchers-en-polyurethane-projete","status":"publish","type":"page","link":"https:\/\/logiso.fr\/index.php\/isolation-des-sols-et-planchers-en-polyurethane-projete\/","title":{"rendered":"Isolation des sols et planchers en polyur\u00e9thane projet\u00e9"},"content":{"rendered":"\t\t<div data-elementor-type=\"wp-page\" data-elementor-id=\"137\" class=\"elementor elementor-137\" data-elementor-post-type=\"page\">\n\t\t\t\t<div class=\"elementor-element elementor-element-e731bb7 e-con-full e-flex e-con e-parent\" data-id=\"e731bb7\" data-element_type=\"container\" data-settings=\"{&quot;background_background&quot;:&quot;classic&quot;}\">\n\t\t\t\t<div class=\"elementor-element elementor-element-2d852d7 elementor-widget__width-inherit elementor-widget elementor-widget-flex-hero\" data-id=\"2d852d7\" data-element_type=\"widget\" data-settings=\"{&quot;layout_preset&quot;:&quot;storytelling&quot;,&quot;primary_button_shape&quot;:&quot;sharp&quot;,&quot;image_shape&quot;:&quot;sharp&quot;,&quot;box_shape&quot;:&quot;sharp&quot;}\" data-widget_type=\"flex-hero.default\">\n\t\t\t\t<div class=\"elementor-widget-container\">\n\t\t\t\t\t\t\t<div class=\"has-shape-sharp shape-type-box ehp-flex-hero has-layout-preset-storytelling has-image-stretch\">\n\t\t\t\t\t\t<div class=\"ehp-flex-hero__overlay\"><\/div>\n\t\t\t<div class=\"ehp-flex-hero__content-container\">\n\t\t\t\t<h2 class=\"ehp-flex-hero__heading\">Isolation des sols et planchers en polyur\u00e9thane projet\u00e9<\/h2><h3 class=\"ehp-flex-hero__subheading\">Une isolation haute performance, durable et parfaitement adapt\u00e9e aux sols<\/h3>\t\t\t<div class=\"ehp-flex-hero__ctas-container\">\n\t\t\t\t\t\t\t\t\t\t\t<\/div>\n\t\t\t\t\t<\/div>\n\t\t\t\t<div class=\"ehp-flex-hero__image-wrapper\">\n\t\t\t\t<\/div>\n\t\t\t\t<\/div>\n\t\t\t\t\t\t<\/div>\n\t\t\t\t<\/div>\n\t\t\t\t<div class=\"elementor-element elementor-element-dc6210d elementor-widget elementor-widget-text-editor\" data-id=\"dc6210d\" data-element_type=\"widget\" data-widget_type=\"text-editor.default\">\n\t\t\t\t\t\t\t\t\t<p><span style=\"font-weight: 400;\">L\u2019isolation des sols et planchers est une \u00e9tape cl\u00e9 pour am\u00e9liorer la performance \u00e9nerg\u00e9tique d\u2019un b\u00e2timent.<\/span><\/p><p><span style=\"font-weight: 400;\">Gr\u00e2ce \u00e0 l\u2019isolation en <\/span><b>polyur\u00e9thane projet\u00e9<\/b><span style=\"font-weight: 400;\">, vous b\u00e9n\u00e9ficiez d\u2019une solution <\/span><b>continue, sans pont thermique<\/b><span style=\"font-weight: 400;\">, parfaitement adapt\u00e9e aux contraintes du neuf comme de la r\u00e9novation.<\/span><\/p><p><span style=\"font-weight: 400;\">Cette technique permet d\u2019isoler efficacement les <\/span><b>planchers bas, dalles b\u00e9ton et planchers interm\u00e9diaires<\/b><span style=\"font-weight: 400;\">, tout en pr\u00e9parant un support parfaitement plan pour la pose d\u2019une chape ou d\u2019un plancher chauffant.<\/span><\/p>\t\t\t\t\t\t\t\t<\/div>\n\t\t\t\t<\/div>\n\t\t<div class=\"elementor-element elementor-element-51706e7 e-flex e-con-boxed e-con e-parent\" data-id=\"51706e7\" data-element_type=\"container\" data-settings=\"{&quot;background_background&quot;:&quot;classic&quot;}\">\n\t\t\t\t\t<div class=\"e-con-inner\">\n\t\t\t\t<div class=\"elementor-element elementor-element-630caee elementor-widget elementor-widget-heading\" data-id=\"630caee\" data-element_type=\"widget\" data-widget_type=\"heading.default\">\n\t\t\t\t\t<h2 class=\"elementor-heading-title elementor-size-default\">Pourquoi isoler un sol avec du polyur\u00e9thane projet\u00e9 ?<\/h2>\t\t\t\t<\/div>\n\t\t\t\t<div class=\"elementor-element elementor-element-8352df6 elementor-widget elementor-widget-text-editor\" data-id=\"8352df6\" data-element_type=\"widget\" data-widget_type=\"text-editor.default\">\n\t\t\t\t\t\t\t\t\t<p><span style=\"font-weight: 400;\">Contrairement aux isolants en panneaux ou en plaques, le polyur\u00e9thane projet\u00e9 est <\/span><b>fabriqu\u00e9 directement sur le chantier<\/b><span style=\"font-weight: 400;\"> et s\u2019adapte \u00e0 toutes les configurations du support.<\/span><\/p><p><span style=\"font-weight: 400;\">Il forme une <\/span><b>isolation rigide, homog\u00e8ne et continue<\/b><span style=\"font-weight: 400;\">, sans joint ni d\u00e9coupe, ce qui permet de supprimer les ponts thermiques et d\u2019obtenir une excellente \u00e9tanch\u00e9it\u00e9 \u00e0 l\u2019air.<\/span><\/p><h3><b>Les principaux avantages :<\/b><\/h3><ul><li style=\"font-weight: 400;\" aria-level=\"1\"><span style=\"font-weight: 400;\">Isolation thermique tr\u00e8s performante, m\u00eame avec une faible \u00e9paisseur<\/span><\/li><li style=\"font-weight: 400;\" aria-level=\"1\"><span style=\"font-weight: 400;\">Application continue, sans rupture d\u2019isolation<\/span><\/li><li style=\"font-weight: 400;\" aria-level=\"1\"><span style=\"font-weight: 400;\">Rattrapage des d\u00e9fauts de plan\u00e9it\u00e9 de la dalle<\/span><\/li><li style=\"font-weight: 400;\" aria-level=\"1\"><span style=\"font-weight: 400;\">Enrobage complet des gaines et r\u00e9seaux techniques<\/span><\/li><li style=\"font-weight: 400;\" aria-level=\"1\"><span style=\"font-weight: 400;\">Suppression du ravoirage dans la majorit\u00e9 des cas<\/span><\/li><li style=\"font-weight: 400;\" aria-level=\"1\"><span style=\"font-weight: 400;\">S\u00e9chage rapide, chantier utilisable rapidement<\/span><\/li><li style=\"font-weight: 400;\" aria-level=\"1\"><span style=\"font-weight: 400;\">Excellente durabilit\u00e9 dans le temps<\/span><\/li><\/ul>\t\t\t\t\t\t\t\t<\/div>\n\t\t\t\t\t<\/div>\n\t\t\t\t<\/div>\n\t\t<div class=\"elementor-element elementor-element-3d391d6 e-flex e-con-boxed e-con e-parent\" data-id=\"3d391d6\" data-element_type=\"container\">\n\t\t\t\t\t<div class=\"e-con-inner\">\n\t\t\t\t<div class=\"elementor-element elementor-element-bb1e4fa elementor-widget elementor-widget-heading\" data-id=\"bb1e4fa\" data-element_type=\"widget\" data-widget_type=\"heading.default\">\n\t\t\t\t\t<h2 class=\"elementor-heading-title elementor-size-default\">Une solution id\u00e9ale pour les planchers chauffants<\/h2>\t\t\t\t<\/div>\n\t\t\t\t<div class=\"elementor-element elementor-element-12a08b2 elementor-widget elementor-widget-text-editor\" data-id=\"12a08b2\" data-element_type=\"widget\" data-widget_type=\"text-editor.default\">\n\t\t\t\t\t\t\t\t\t<p><span style=\"font-weight: 400;\">L\u2019isolation des sols en polyur\u00e9thane projet\u00e9 est particuli\u00e8rement adapt\u00e9e aux <\/span><b>planchers chauffants et rafra\u00eechissants<\/b><span style=\"font-weight: 400;\">.<\/span><\/p><p><span style=\"font-weight: 400;\">Gr\u00e2ce \u00e0 sa pr\u00e9cision d\u2019application et \u00e0 sa stabilit\u00e9 m\u00e9canique, elle permet :<\/span><\/p><ul><li style=\"font-weight: 400;\" aria-level=\"1\"><span style=\"font-weight: 400;\">Une plan\u00e9it\u00e9 parfaite pour la pose des tubes<\/span><\/li><li style=\"font-weight: 400;\" aria-level=\"1\"><span style=\"font-weight: 400;\">Une r\u00e9partition homog\u00e8ne de la chaleur<\/span><\/li><li style=\"font-weight: 400;\" aria-level=\"1\"><span style=\"font-weight: 400;\">Une r\u00e9duction des pertes thermiques vers le sol<\/span><\/li><li style=\"font-weight: 400;\" aria-level=\"1\"><span style=\"font-weight: 400;\">Une optimisation du rendement du syst\u00e8me de chauffage<\/span><\/li><\/ul><p><span style=\"font-weight: 400;\">Le polyur\u00e9thane projet\u00e9 constitue ainsi une base fiable et performante avant la mise en \u0153uvre de la chape.<\/span><\/p>\t\t\t\t\t\t\t\t<\/div>\n\t\t\t\t\t<\/div>\n\t\t\t\t<\/div>\n\t\t<div class=\"elementor-element elementor-element-c103fb8 e-flex e-con-boxed e-con e-parent\" data-id=\"c103fb8\" data-element_type=\"container\" data-settings=\"{&quot;background_background&quot;:&quot;classic&quot;}\">\n\t\t\t\t\t<div class=\"e-con-inner\">\n\t\t\t\t<div class=\"elementor-element elementor-element-927e12a elementor-widget elementor-widget-heading\" data-id=\"927e12a\" data-element_type=\"widget\" data-widget_type=\"heading.default\">\n\t\t\t\t\t<h2 class=\"elementor-heading-title elementor-size-default\">Pour quels types de sols et planchers ?<\/h2>\t\t\t\t<\/div>\n\t\t\t\t<div class=\"elementor-element elementor-element-914f718 elementor-widget elementor-widget-text-editor\" data-id=\"914f718\" data-element_type=\"widget\" data-widget_type=\"text-editor.default\">\n\t\t\t\t\t\t\t\t\t<p><span style=\"font-weight: 400;\">L\u2019isolation des sols par polyur\u00e9thane projet\u00e9 convient \u00e0 de nombreuses configurations :<\/span><\/p><ul><li style=\"font-weight: 400;\" aria-level=\"1\"><span style=\"font-weight: 400;\">Dalles b\u00e9ton<\/span><\/li><li style=\"font-weight: 400;\" aria-level=\"1\"><span style=\"font-weight: 400;\">Planchers bas sur terre-plein<\/span><\/li><li style=\"font-weight: 400;\" aria-level=\"1\"><span style=\"font-weight: 400;\">Planchers sur vide sanitaire<\/span><\/li><li style=\"font-weight: 400;\" aria-level=\"1\"><span style=\"font-weight: 400;\">Planchers interm\u00e9diaires<\/span><\/li><li style=\"font-weight: 400;\" aria-level=\"1\"><span style=\"font-weight: 400;\">Maisons individuelles<\/span><\/li><li style=\"font-weight: 400;\" aria-level=\"1\"><span style=\"font-weight: 400;\">Logements collectifs<\/span><\/li><li style=\"font-weight: 400;\" aria-level=\"1\"><span style=\"font-weight: 400;\">B\u00e2timents tertiaires ou professionnels<\/span><\/li><li style=\"font-weight: 400;\" aria-level=\"1\"><span style=\"font-weight: 400;\">Projets en neuf comme en r\u00e9novation<\/span><\/li><\/ul><p><span style=\"font-weight: 400;\">Chaque chantier fait l\u2019objet d\u2019une <\/span><b>analyse pr\u00e9alable<\/b><span style=\"font-weight: 400;\"> afin de d\u00e9terminer l\u2019\u00e9paisseur et la solution les plus adapt\u00e9es.<\/span><\/p>\t\t\t\t\t\t\t\t<\/div>\n\t\t\t\t\t<\/div>\n\t\t\t\t<\/div>\n\t\t<div class=\"elementor-element elementor-element-f855094 e-flex e-con-boxed e-con e-parent\" data-id=\"f855094\" data-element_type=\"container\">\n\t\t\t\t\t<div class=\"e-con-inner\">\n\t\t\t\t<div class=\"elementor-element elementor-element-b0ed490 elementor-widget elementor-widget-heading\" data-id=\"b0ed490\" data-element_type=\"widget\" data-widget_type=\"heading.default\">\n\t\t\t\t\t<h2 class=\"elementor-heading-title elementor-size-default\">Performances et fiabilit\u00e9 du polyur\u00e9thane projet\u00e9<\/h2>\t\t\t\t<\/div>\n\t\t\t\t<div class=\"elementor-element elementor-element-a9400dc elementor-widget elementor-widget-text-editor\" data-id=\"a9400dc\" data-element_type=\"widget\" data-widget_type=\"text-editor.default\">\n\t\t\t\t\t\t\t\t\t<p><span style=\"font-weight: 400;\">Le polyur\u00e9thane projet\u00e9 utilis\u00e9 pour l\u2019isolation des sols est un isolant rigide con\u00e7u pour r\u00e9sister aux contraintes m\u00e9caniques des planchers.<\/span><\/p><p><span style=\"font-weight: 400;\">Il offre :<\/span><\/p><ul><li style=\"font-weight: 400;\" aria-level=\"1\"><span style=\"font-weight: 400;\">Une excellente r\u00e9sistance thermique adapt\u00e9e aux exigences actuelles<\/span><\/li><li style=\"font-weight: 400;\" aria-level=\"1\"><span style=\"font-weight: 400;\">Une tr\u00e8s bonne r\u00e9sistance \u00e0 la compression, compatible avec chapes et rev\u00eatements<\/span><\/li><li style=\"font-weight: 400;\" aria-level=\"1\"><span style=\"font-weight: 400;\">Une stabilit\u00e9 dimensionnelle durable<\/span><\/li><li style=\"font-weight: 400;\" aria-level=\"1\"><span style=\"font-weight: 400;\">Une parfaite adh\u00e9rence au support<\/span><span style=\"font-weight: 400;\"><br \/><br \/><\/span><\/li><\/ul><p><span style=\"font-weight: 400;\">L\u2019isolation conserve ses performances <\/span><b>sur toute la dur\u00e9e de vie du b\u00e2timent<\/b><span style=\"font-weight: 400;\">, sans affaissement ni d\u00e9gradation.<\/span><\/p>\t\t\t\t\t\t\t\t<\/div>\n\t\t\t\t\t<\/div>\n\t\t\t\t<\/div>\n\t\t<div class=\"elementor-element elementor-element-ad56ae1 e-flex e-con-boxed e-con e-parent\" data-id=\"ad56ae1\" data-element_type=\"container\" data-settings=\"{&quot;background_background&quot;:&quot;classic&quot;}\">\n\t\t\t\t\t<div class=\"e-con-inner\">\n\t\t\t\t<div class=\"elementor-element elementor-element-999cde7 elementor-widget elementor-widget-heading\" data-id=\"999cde7\" data-element_type=\"widget\" data-widget_type=\"heading.default\">\n\t\t\t\t\t<h2 class=\"elementor-heading-title elementor-size-default\">Une mise en \u0153uvre rapide et ma\u00eetris\u00e9e<\/h2>\t\t\t\t<\/div>\n\t\t\t\t<div class=\"elementor-element elementor-element-57c228c elementor-widget elementor-widget-text-editor\" data-id=\"57c228c\" data-element_type=\"widget\" data-widget_type=\"text-editor.default\">\n\t\t\t\t\t\t\t\t\t<p><span style=\"font-weight: 400;\">L\u2019application du polyur\u00e9thane projet\u00e9 est r\u00e9alis\u00e9e directement sur le chantier par des <\/span><b>professionnels qualifi\u00e9s<\/b><span style=\"font-weight: 400;\">.<\/span><\/p><p><span style=\"font-weight: 400;\">Les \u00e9tapes principales :<\/span><\/p><ol><li style=\"font-weight: 400;\" aria-level=\"1\"><span style=\"font-weight: 400;\">Pr\u00e9paration et protection du chantier<\/span><\/li><li style=\"font-weight: 400;\" aria-level=\"1\"><span style=\"font-weight: 400;\">Projection de l\u2019isolant directement sur la dalle<\/span><\/li><li style=\"font-weight: 400;\" aria-level=\"1\"><span style=\"font-weight: 400;\">Mise \u00e0 niveau pr\u00e9cise<\/span><\/li><li style=\"font-weight: 400;\" aria-level=\"1\"><span style=\"font-weight: 400;\">S\u00e9chage rapide<\/span><\/li><li style=\"font-weight: 400;\" aria-level=\"1\"><span style=\"font-weight: 400;\">Sol pr\u00eat \u00e0 recevoir la chape ou le plancher<\/span><span style=\"font-weight: 400;\"><br \/><br \/><\/span><\/li><\/ol><p><span style=\"font-weight: 400;\">Cette m\u00e9thode permet de <\/span><b>r\u00e9duire les d\u00e9lais<\/b><span style=\"font-weight: 400;\">, d\u2019\u00e9viter les manipulations d\u2019isolants volumineux et de limiter les d\u00e9chets.<\/span><\/p>\t\t\t\t\t\t\t\t<\/div>\n\t\t\t\t\t<\/div>\n\t\t\t\t<\/div>\n\t\t<div class=\"elementor-element elementor-element-32bc4ca e-flex e-con-boxed e-con e-parent\" data-id=\"32bc4ca\" data-element_type=\"container\">\n\t\t\t\t\t<div class=\"e-con-inner\">\n\t\t\t\t<div class=\"elementor-element elementor-element-cfafe59 elementor-widget elementor-widget-heading\" data-id=\"cfafe59\" data-element_type=\"widget\" data-widget_type=\"heading.default\">\n\t\t\t\t\t<h2 class=\"elementor-heading-title elementor-size-default\">Aides financi\u00e8res et r\u00e9novation \u00e9nerg\u00e9tique<\/h2>\t\t\t\t<\/div>\n\t\t\t\t<div class=\"elementor-element elementor-element-cf54766 elementor-widget elementor-widget-text-editor\" data-id=\"cf54766\" data-element_type=\"widget\" data-widget_type=\"text-editor.default\">\n\t\t\t\t\t\t\t\t\t<p><span style=\"font-weight: 400;\">L\u2019isolation des sols fait partie des travaux pouvant s\u2019inscrire dans un projet de r\u00e9novation \u00e9nerg\u00e9tique globale.<\/span><\/p><p><span style=\"font-weight: 400;\">Selon votre situation et la nature du b\u00e2timent, vous pouvez \u00eatre \u00e9ligible \u00e0 certaines aides financi\u00e8res (MaPrimeR\u00e9nov\u2019, CEE, TVA r\u00e9duite, etc.), sous r\u00e9serve du respect des conditions en vigueur.<\/span><\/p><p><span style=\"font-weight: 400;\">Nous vous accompagnons dans l\u2019analyse de votre projet et vous orientons vers les dispositifs adapt\u00e9s.<\/span><\/p>\t\t\t\t\t\t\t\t<\/div>\n\t\t\t\t\t<\/div>\n\t\t\t\t<\/div>\n\t\t<div class=\"elementor-element elementor-element-b1384fd e-flex e-con-boxed e-con e-parent\" data-id=\"b1384fd\" data-element_type=\"container\" data-settings=\"{&quot;background_background&quot;:&quot;classic&quot;}\">\n\t\t\t\t\t<div class=\"e-con-inner\">\n\t\t\t\t<div class=\"elementor-element elementor-element-7d7a1eb elementor-widget elementor-widget-heading\" data-id=\"7d7a1eb\" data-element_type=\"widget\" data-widget_type=\"heading.default\">\n\t\t\t\t\t<h2 class=\"elementor-heading-title elementor-size-default\">Confiez l\u2019isolation de vos sols \u00e0 un professionnel<\/h2>\t\t\t\t<\/div>\n\t\t\t\t<div class=\"elementor-element elementor-element-38fbf5e elementor-widget elementor-widget-text-editor\" data-id=\"38fbf5e\" data-element_type=\"widget\" data-widget_type=\"text-editor.default\">\n\t\t\t\t\t\t\t\t\t<p><span style=\"font-weight: 400;\">Chaque projet est unique. Nous r\u00e9alisons une <\/span><b>\u00e9tude personnalis\u00e9e<\/b><span style=\"font-weight: 400;\"> afin de vous proposer une solution d\u2019isolation des sols efficace, durable et adapt\u00e9e \u00e0 vos contraintes techniques et budg\u00e9taires.<\/span><\/p><p><span style=\"font-weight: 400;\">\ud83d\udc49 <\/span><b>Demandez votre devis gratuit pour l\u2019isolation de vos sols et planchers<\/b><\/p><p><span style=\"font-weight: 400;\">Nos \u00e9quipes vous r\u00e9pondent rapidement et vous accompagnent de A \u00e0 Z dans votre projet.<\/span><\/p><p><br \/><br \/><\/p>\t\t\t\t\t\t\t\t<\/div>\n\t\t\t\t\t<\/div>\n\t\t\t\t<\/div>\n\t\t<div class=\"elementor-element elementor-element-f93a8cf e-flex e-con-boxed e-con e-parent\" data-id=\"f93a8cf\" data-element_type=\"container\">\n\t\t\t\t\t<div class=\"e-con-inner\">\n\t\t\t\t<div class=\"elementor-element elementor-element-81b8aef elementor-widget elementor-widget-heading\" data-id=\"81b8aef\" data-element_type=\"widget\" data-widget_type=\"heading.default\">\n\t\t\t\t\t<h2 class=\"elementor-heading-title elementor-size-default\">FAQ \u2013 Isolation des sols et planchers en polyur\u00e9thane projet\u00e9<\/h2>\t\t\t\t<\/div>\n\t\t\t\t<div class=\"elementor-element elementor-element-7dec9e0 elementor-widget elementor-widget-n-accordion\" data-id=\"7dec9e0\" data-element_type=\"widget\" data-settings=\"{&quot;default_state&quot;:&quot;expanded&quot;,&quot;max_items_expended&quot;:&quot;one&quot;,&quot;n_accordion_animation_duration&quot;:{&quot;unit&quot;:&quot;ms&quot;,&quot;size&quot;:400,&quot;sizes&quot;:[]}}\" data-widget_type=\"nested-accordion.default\">\n\t\t\t\t\t\t\t<div class=\"e-n-accordion\" aria-label=\"Accordion. Open links with Enter or Space, close with Escape, and navigate with Arrow Keys\">\n\t\t\t\t\t\t<details id=\"e-n-accordion-item-1320\" class=\"e-n-accordion-item\" open>\n\t\t\t\t<summary class=\"e-n-accordion-item-title\" data-accordion-index=\"1\" tabindex=\"0\" aria-expanded=\"true\" aria-controls=\"e-n-accordion-item-1320\" >\n\t\t\t\t\t<span class='e-n-accordion-item-title-header'><div class=\"e-n-accordion-item-title-text\"> \u2753 Pourquoi isoler un sol ou un plancher est-il important ? <\/div><\/span>\n\t\t\t\t\t\t\t<span class='e-n-accordion-item-title-icon'>\n\t\t\t<span class='e-opened' ><svg aria-hidden=\"true\" class=\"e-font-icon-svg e-fas-minus\" viewBox=\"0 0 448 512\" xmlns=\"http:\/\/www.w3.org\/2000\/svg\"><path d=\"M416 208H32c-17.67 0-32 14.33-32 32v32c0 17.67 14.33 32 32 32h384c17.67 0 32-14.33 32-32v-32c0-17.67-14.33-32-32-32z\"><\/path><\/svg><\/span>\n\t\t\t<span class='e-closed'><svg aria-hidden=\"true\" class=\"e-font-icon-svg e-fas-plus\" viewBox=\"0 0 448 512\" xmlns=\"http:\/\/www.w3.org\/2000\/svg\"><path d=\"M416 208H272V64c0-17.67-14.33-32-32-32h-32c-17.67 0-32 14.33-32 32v144H32c-17.67 0-32 14.33-32 32v32c0 17.67 14.33 32 32 32h144v144c0 17.67 14.33 32 32 32h32c17.67 0 32-14.33 32-32V304h144c17.67 0 32-14.33 32-32v-32c0-17.67-14.33-32-32-32z\"><\/path><\/svg><\/span>\n\t\t<\/span>\n\n\t\t\t\t\t\t<\/summary>\n\t\t\t\t<div role=\"region\" aria-labelledby=\"e-n-accordion-item-1320\" class=\"elementor-element elementor-element-2f1fc9a e-con-full e-flex e-con e-child\" data-id=\"2f1fc9a\" data-element_type=\"container\">\n\t\t<div role=\"region\" aria-labelledby=\"e-n-accordion-item-1320\" class=\"elementor-element elementor-element-e0e8b76 e-flex e-con-boxed e-con e-child\" data-id=\"e0e8b76\" data-element_type=\"container\">\n\t\t\t\t\t<div class=\"e-con-inner\">\n\t\t\t\t<div class=\"elementor-element elementor-element-70f6017 elementor-widget elementor-widget-text-editor\" data-id=\"70f6017\" data-element_type=\"widget\" data-widget_type=\"text-editor.default\">\n\t\t\t\t\t\t\t\t\t<p><span style=\"font-weight: 400;\">L\u2019isolation des sols permet de limiter les pertes de chaleur par le bas du b\u00e2timent, d\u2019am\u00e9liorer le confort thermique et de r\u00e9duire la sensation de sol froid.<\/span><\/p><p><span style=\"font-weight: 400;\">Dans une maison mal isol\u00e9e, le plancher peut repr\u00e9senter une part non n\u00e9gligeable des d\u00e9perditions \u00e9nerg\u00e9tiques, notamment lorsqu\u2019il est en contact avec le sol, un vide sanitaire ou un local non chauff\u00e9.<\/span><\/p>\t\t\t\t\t\t\t\t<\/div>\n\t\t\t\t\t<\/div>\n\t\t\t\t<\/div>\n\t\t\t\t<\/div>\n\t\t\t\t\t<\/details>\n\t\t\t\t\t\t<details id=\"e-n-accordion-item-1321\" class=\"e-n-accordion-item\" >\n\t\t\t\t<summary class=\"e-n-accordion-item-title\" data-accordion-index=\"2\" tabindex=\"-1\" aria-expanded=\"false\" aria-controls=\"e-n-accordion-item-1321\" >\n\t\t\t\t\t<span class='e-n-accordion-item-title-header'><div class=\"e-n-accordion-item-title-text\"> \u2753 Qu\u2019est-ce que le polyur\u00e9thane projet\u00e9 pour l\u2019isolation des sols ? <\/div><\/span>\n\t\t\t\t\t\t\t<span class='e-n-accordion-item-title-icon'>\n\t\t\t<span class='e-opened' ><svg aria-hidden=\"true\" class=\"e-font-icon-svg e-fas-minus\" viewBox=\"0 0 448 512\" xmlns=\"http:\/\/www.w3.org\/2000\/svg\"><path d=\"M416 208H32c-17.67 0-32 14.33-32 32v32c0 17.67 14.33 32 32 32h384c17.67 0 32-14.33 32-32v-32c0-17.67-14.33-32-32-32z\"><\/path><\/svg><\/span>\n\t\t\t<span class='e-closed'><svg aria-hidden=\"true\" class=\"e-font-icon-svg e-fas-plus\" viewBox=\"0 0 448 512\" xmlns=\"http:\/\/www.w3.org\/2000\/svg\"><path d=\"M416 208H272V64c0-17.67-14.33-32-32-32h-32c-17.67 0-32 14.33-32 32v144H32c-17.67 0-32 14.33-32 32v32c0 17.67 14.33 32 32 32h144v144c0 17.67 14.33 32 32 32h32c17.67 0 32-14.33 32-32V304h144c17.67 0 32-14.33 32-32v-32c0-17.67-14.33-32-32-32z\"><\/path><\/svg><\/span>\n\t\t<\/span>\n\n\t\t\t\t\t\t<\/summary>\n\t\t\t\t<div role=\"region\" aria-labelledby=\"e-n-accordion-item-1321\" class=\"elementor-element elementor-element-4f292db e-con-full e-flex e-con e-child\" data-id=\"4f292db\" data-element_type=\"container\">\n\t\t<div role=\"region\" aria-labelledby=\"e-n-accordion-item-1321\" class=\"elementor-element elementor-element-19e8d24 e-flex e-con-boxed e-con e-child\" data-id=\"19e8d24\" data-element_type=\"container\">\n\t\t\t\t\t<div class=\"e-con-inner\">\n\t\t\t\t<div class=\"elementor-element elementor-element-c9e8d93 elementor-widget elementor-widget-text-editor\" data-id=\"c9e8d93\" data-element_type=\"widget\" data-widget_type=\"text-editor.default\">\n\t\t\t\t\t\t\t\t\t<p><span style=\"font-weight: 400;\">Le polyur\u00e9thane projet\u00e9 est un isolant appliqu\u00e9 directement sur le chantier sous forme liquide, qui se dilate puis durcit pour former une mousse isolante rigide.<\/span><\/p><p><span style=\"font-weight: 400;\">Il s\u2019adapte parfaitement aux formes du support et cr\u00e9e une isolation continue, sans joint ni d\u00e9coupe.<\/span><\/p>\t\t\t\t\t\t\t\t<\/div>\n\t\t\t\t\t<\/div>\n\t\t\t\t<\/div>\n\t\t\t\t<\/div>\n\t\t\t\t\t<\/details>\n\t\t\t\t\t\t<details id=\"e-n-accordion-item-1322\" class=\"e-n-accordion-item\" >\n\t\t\t\t<summary class=\"e-n-accordion-item-title\" data-accordion-index=\"3\" tabindex=\"-1\" aria-expanded=\"false\" aria-controls=\"e-n-accordion-item-1322\" >\n\t\t\t\t\t<span class='e-n-accordion-item-title-header'><div class=\"e-n-accordion-item-title-text\"> \u2753 Quels sont les avantages du polyur\u00e9thane projet\u00e9 par rapport aux isolants en panneaux ? <\/div><\/span>\n\t\t\t\t\t\t\t<span class='e-n-accordion-item-title-icon'>\n\t\t\t<span class='e-opened' ><svg aria-hidden=\"true\" class=\"e-font-icon-svg e-fas-minus\" viewBox=\"0 0 448 512\" xmlns=\"http:\/\/www.w3.org\/2000\/svg\"><path d=\"M416 208H32c-17.67 0-32 14.33-32 32v32c0 17.67 14.33 32 32 32h384c17.67 0 32-14.33 32-32v-32c0-17.67-14.33-32-32-32z\"><\/path><\/svg><\/span>\n\t\t\t<span class='e-closed'><svg aria-hidden=\"true\" class=\"e-font-icon-svg e-fas-plus\" viewBox=\"0 0 448 512\" xmlns=\"http:\/\/www.w3.org\/2000\/svg\"><path d=\"M416 208H272V64c0-17.67-14.33-32-32-32h-32c-17.67 0-32 14.33-32 32v144H32c-17.67 0-32 14.33-32 32v32c0 17.67 14.33 32 32 32h144v144c0 17.67 14.33 32 32 32h32c17.67 0 32-14.33 32-32V304h144c17.67 0 32-14.33 32-32v-32c0-17.67-14.33-32-32-32z\"><\/path><\/svg><\/span>\n\t\t<\/span>\n\n\t\t\t\t\t\t<\/summary>\n\t\t\t\t<div role=\"region\" aria-labelledby=\"e-n-accordion-item-1322\" class=\"elementor-element elementor-element-805e44a e-con-full e-flex e-con e-child\" data-id=\"805e44a\" data-element_type=\"container\">\n\t\t<div role=\"region\" aria-labelledby=\"e-n-accordion-item-1322\" class=\"elementor-element elementor-element-20c502d e-flex e-con-boxed e-con e-child\" data-id=\"20c502d\" data-element_type=\"container\">\n\t\t\t\t\t<div class=\"e-con-inner\">\n\t\t\t\t<div class=\"elementor-element elementor-element-41ada7c elementor-widget elementor-widget-text-editor\" data-id=\"41ada7c\" data-element_type=\"widget\" data-widget_type=\"text-editor.default\">\n\t\t\t\t\t\t\t\t\t<p><span style=\"font-weight: 400;\">Contrairement aux isolants en plaques ou en panneaux, le polyur\u00e9thane projet\u00e9 :<\/span><\/p><ul><li style=\"font-weight: 400;\" aria-level=\"1\"><span style=\"font-weight: 400;\">s\u2019adapte aux irr\u00e9gularit\u00e9s du support,<\/span><\/li><li style=\"font-weight: 400;\" aria-level=\"1\"><span style=\"font-weight: 400;\">supprime les ponts thermiques,<\/span><\/li><li style=\"font-weight: 400;\" aria-level=\"1\"><span style=\"font-weight: 400;\">enrobe les gaines et r\u00e9seaux,<\/span><\/li><li style=\"font-weight: 400;\" aria-level=\"1\"><span style=\"font-weight: 400;\">permet souvent de supprimer le ravoirage,<\/span><\/li><li style=\"font-weight: 400;\" aria-level=\"1\"><span style=\"font-weight: 400;\">offre un excellent rapport performance \/ \u00e9paisseur.<\/span><\/li><\/ul><p><span style=\"font-weight: 400;\">C\u2019est une solution particuli\u00e8rement efficace pour les sols complexes ou en r\u00e9novation.<\/span><\/p>\t\t\t\t\t\t\t\t<\/div>\n\t\t\t\t\t<\/div>\n\t\t\t\t<\/div>\n\t\t\t\t<\/div>\n\t\t\t\t\t<\/details>\n\t\t\t\t\t\t<details id=\"e-n-accordion-item-1323\" class=\"e-n-accordion-item\" >\n\t\t\t\t<summary class=\"e-n-accordion-item-title\" data-accordion-index=\"4\" tabindex=\"-1\" aria-expanded=\"false\" aria-controls=\"e-n-accordion-item-1323\" >\n\t\t\t\t\t<span class='e-n-accordion-item-title-header'><div class=\"e-n-accordion-item-title-text\"> \u2753 Le polyur\u00e9thane projet\u00e9 est-il compatible avec un plancher chauffant ? <\/div><\/span>\n\t\t\t\t\t\t\t<span class='e-n-accordion-item-title-icon'>\n\t\t\t<span class='e-opened' ><svg aria-hidden=\"true\" class=\"e-font-icon-svg e-fas-minus\" viewBox=\"0 0 448 512\" xmlns=\"http:\/\/www.w3.org\/2000\/svg\"><path d=\"M416 208H32c-17.67 0-32 14.33-32 32v32c0 17.67 14.33 32 32 32h384c17.67 0 32-14.33 32-32v-32c0-17.67-14.33-32-32-32z\"><\/path><\/svg><\/span>\n\t\t\t<span class='e-closed'><svg aria-hidden=\"true\" class=\"e-font-icon-svg e-fas-plus\" viewBox=\"0 0 448 512\" xmlns=\"http:\/\/www.w3.org\/2000\/svg\"><path d=\"M416 208H272V64c0-17.67-14.33-32-32-32h-32c-17.67 0-32 14.33-32 32v144H32c-17.67 0-32 14.33-32 32v32c0 17.67 14.33 32 32 32h144v144c0 17.67 14.33 32 32 32h32c17.67 0 32-14.33 32-32V304h144c17.67 0 32-14.33 32-32v-32c0-17.67-14.33-32-32-32z\"><\/path><\/svg><\/span>\n\t\t<\/span>\n\n\t\t\t\t\t\t<\/summary>\n\t\t\t\t<div role=\"region\" aria-labelledby=\"e-n-accordion-item-1323\" class=\"elementor-element elementor-element-7308462 e-flex e-con-boxed e-con e-child\" data-id=\"7308462\" data-element_type=\"container\">\n\t\t\t\t\t<div class=\"e-con-inner\">\n\t\t<div role=\"region\" aria-labelledby=\"e-n-accordion-item-1323\" class=\"elementor-element elementor-element-2403b82 e-con-full e-flex e-con e-child\" data-id=\"2403b82\" data-element_type=\"container\">\n\t\t\t\t<div class=\"elementor-element elementor-element-3157d0c elementor-widget elementor-widget-text-editor\" data-id=\"3157d0c\" data-element_type=\"widget\" data-widget_type=\"text-editor.default\">\n\t\t\t\t\t\t\t\t\t<p><span style=\"font-weight: 400;\">Oui.<\/span><\/p><p><span style=\"font-weight: 400;\">L\u2019isolation des sols en polyur\u00e9thane projet\u00e9 est parfaitement compatible avec les planchers chauffants et rafra\u00eechissants.<\/span><\/p><p><span style=\"font-weight: 400;\">Elle permet d\u2019obtenir une base plane et stable, favorisant une bonne diffusion de la chaleur et limitant les pertes thermiques vers le bas.<\/span><\/p>\t\t\t\t\t\t\t\t<\/div>\n\t\t\t\t<\/div>\n\t\t\t\t\t<\/div>\n\t\t\t\t<\/div>\n\t\t\t\t\t<\/details>\n\t\t\t\t\t\t<details id=\"e-n-accordion-item-1324\" class=\"e-n-accordion-item\" >\n\t\t\t\t<summary class=\"e-n-accordion-item-title\" data-accordion-index=\"5\" tabindex=\"-1\" aria-expanded=\"false\" aria-controls=\"e-n-accordion-item-1324\" >\n\t\t\t\t\t<span class='e-n-accordion-item-title-header'><div class=\"e-n-accordion-item-title-text\"> \u2753 Peut-on isoler un sol en r\u00e9novation avec du polyur\u00e9thane projet\u00e9 ? <\/div><\/span>\n\t\t\t\t\t\t\t<span class='e-n-accordion-item-title-icon'>\n\t\t\t<span class='e-opened' ><svg aria-hidden=\"true\" class=\"e-font-icon-svg e-fas-minus\" viewBox=\"0 0 448 512\" xmlns=\"http:\/\/www.w3.org\/2000\/svg\"><path d=\"M416 208H32c-17.67 0-32 14.33-32 32v32c0 17.67 14.33 32 32 32h384c17.67 0 32-14.33 32-32v-32c0-17.67-14.33-32-32-32z\"><\/path><\/svg><\/span>\n\t\t\t<span class='e-closed'><svg aria-hidden=\"true\" class=\"e-font-icon-svg e-fas-plus\" viewBox=\"0 0 448 512\" xmlns=\"http:\/\/www.w3.org\/2000\/svg\"><path d=\"M416 208H272V64c0-17.67-14.33-32-32-32h-32c-17.67 0-32 14.33-32 32v144H32c-17.67 0-32 14.33-32 32v32c0 17.67 14.33 32 32 32h144v144c0 17.67 14.33 32 32 32h32c17.67 0 32-14.33 32-32V304h144c17.67 0 32-14.33 32-32v-32c0-17.67-14.33-32-32-32z\"><\/path><\/svg><\/span>\n\t\t<\/span>\n\n\t\t\t\t\t\t<\/summary>\n\t\t\t\t<div role=\"region\" aria-labelledby=\"e-n-accordion-item-1324\" class=\"elementor-element elementor-element-2e5ccc7 e-flex e-con-boxed e-con e-child\" data-id=\"2e5ccc7\" data-element_type=\"container\">\n\t\t\t\t\t<div class=\"e-con-inner\">\n\t\t<div role=\"region\" aria-labelledby=\"e-n-accordion-item-1324\" class=\"elementor-element elementor-element-68e12ce e-con-full e-flex e-con e-child\" data-id=\"68e12ce\" data-element_type=\"container\">\n\t\t\t\t<div class=\"elementor-element elementor-element-302f40e elementor-widget elementor-widget-text-editor\" data-id=\"302f40e\" data-element_type=\"widget\" data-widget_type=\"text-editor.default\">\n\t\t\t\t\t\t\t\t\t<p><span style=\"font-weight: 400;\">Oui, le polyur\u00e9thane projet\u00e9 est tr\u00e8s utilis\u00e9 en r\u00e9novation.<\/span><\/p><p><span style=\"font-weight: 400;\">Il permet de rattraper les d\u00e9fauts de plan\u00e9it\u00e9 des dalles existantes et de s\u2019adapter aux contraintes de hauteur, tout en conservant de bonnes performances thermiques.<\/span><\/p><p><span style=\"font-weight: 400;\">Chaque projet est \u00e9tudi\u00e9 au cas par cas pour v\u00e9rifier la faisabilit\u00e9.<\/span><\/p>\t\t\t\t\t\t\t\t<\/div>\n\t\t\t\t<\/div>\n\t\t\t\t\t<\/div>\n\t\t\t\t<\/div>\n\t\t\t\t\t<\/details>\n\t\t\t\t\t\t<details id=\"e-n-accordion-item-1325\" class=\"e-n-accordion-item\" >\n\t\t\t\t<summary class=\"e-n-accordion-item-title\" data-accordion-index=\"6\" tabindex=\"-1\" aria-expanded=\"false\" aria-controls=\"e-n-accordion-item-1325\" >\n\t\t\t\t\t<span class='e-n-accordion-item-title-header'><div class=\"e-n-accordion-item-title-text\"> \u2753 Quelle est l\u2019\u00e9paisseur n\u00e9cessaire pour isoler un sol ? <\/div><\/span>\n\t\t\t\t\t\t\t<span class='e-n-accordion-item-title-icon'>\n\t\t\t<span class='e-opened' ><svg aria-hidden=\"true\" class=\"e-font-icon-svg e-fas-minus\" viewBox=\"0 0 448 512\" xmlns=\"http:\/\/www.w3.org\/2000\/svg\"><path d=\"M416 208H32c-17.67 0-32 14.33-32 32v32c0 17.67 14.33 32 32 32h384c17.67 0 32-14.33 32-32v-32c0-17.67-14.33-32-32-32z\"><\/path><\/svg><\/span>\n\t\t\t<span class='e-closed'><svg aria-hidden=\"true\" class=\"e-font-icon-svg e-fas-plus\" viewBox=\"0 0 448 512\" xmlns=\"http:\/\/www.w3.org\/2000\/svg\"><path d=\"M416 208H272V64c0-17.67-14.33-32-32-32h-32c-17.67 0-32 14.33-32 32v144H32c-17.67 0-32 14.33-32 32v32c0 17.67 14.33 32 32 32h144v144c0 17.67 14.33 32 32 32h32c17.67 0 32-14.33 32-32V304h144c17.67 0 32-14.33 32-32v-32c0-17.67-14.33-32-32-32z\"><\/path><\/svg><\/span>\n\t\t<\/span>\n\n\t\t\t\t\t\t<\/summary>\n\t\t\t\t<div role=\"region\" aria-labelledby=\"e-n-accordion-item-1325\" class=\"elementor-element elementor-element-2c0fcee e-flex e-con-boxed e-con e-child\" data-id=\"2c0fcee\" data-element_type=\"container\">\n\t\t\t\t\t<div class=\"e-con-inner\">\n\t\t<div role=\"region\" aria-labelledby=\"e-n-accordion-item-1325\" class=\"elementor-element elementor-element-d9c6b38 e-con-full e-flex e-con e-child\" data-id=\"d9c6b38\" data-element_type=\"container\">\n\t\t\t\t<div class=\"elementor-element elementor-element-88b280f elementor-widget elementor-widget-text-editor\" data-id=\"88b280f\" data-element_type=\"widget\" data-widget_type=\"text-editor.default\">\n\t\t\t\t\t\t\t\t\t<p><span style=\"font-weight: 400;\">L\u2019\u00e9paisseur d\u00e9pend :<\/span><\/p><ul><li style=\"font-weight: 400;\" aria-level=\"1\"><span style=\"font-weight: 400;\">du niveau de performance thermique recherch\u00e9,<\/span><\/li><li style=\"font-weight: 400;\" aria-level=\"1\"><span style=\"font-weight: 400;\">des contraintes de hauteur disponibles,<\/span><\/li><li style=\"font-weight: 400;\" aria-level=\"1\"><span style=\"font-weight: 400;\">du type de b\u00e2timent (neuf ou r\u00e9novation).<\/span><span style=\"font-weight: 400;\"><br \/><br \/><\/span><\/li><\/ul><p><span style=\"font-weight: 400;\">Il n\u2019existe pas d\u2019\u00e9paisseur \u201cstandard\u201d universelle. Une \u00e9tude pr\u00e9alable permet de d\u00e9finir la solution la plus adapt\u00e9e \u00e0 votre projet.<\/span><\/p>\t\t\t\t\t\t\t\t<\/div>\n\t\t\t\t<\/div>\n\t\t\t\t\t<\/div>\n\t\t\t\t<\/div>\n\t\t\t\t\t<\/details>\n\t\t\t\t\t\t<details id=\"e-n-accordion-item-1326\" class=\"e-n-accordion-item\" >\n\t\t\t\t<summary class=\"e-n-accordion-item-title\" data-accordion-index=\"7\" tabindex=\"-1\" aria-expanded=\"false\" aria-controls=\"e-n-accordion-item-1326\" >\n\t\t\t\t\t<span class='e-n-accordion-item-title-header'><div class=\"e-n-accordion-item-title-text\"> \u2753 Le polyur\u00e9thane projet\u00e9 r\u00e9siste-t-il au poids d\u2019une chape ou d\u2019un rev\u00eatement ? <\/div><\/span>\n\t\t\t\t\t\t\t<span class='e-n-accordion-item-title-icon'>\n\t\t\t<span class='e-opened' ><svg aria-hidden=\"true\" class=\"e-font-icon-svg e-fas-minus\" viewBox=\"0 0 448 512\" xmlns=\"http:\/\/www.w3.org\/2000\/svg\"><path d=\"M416 208H32c-17.67 0-32 14.33-32 32v32c0 17.67 14.33 32 32 32h384c17.67 0 32-14.33 32-32v-32c0-17.67-14.33-32-32-32z\"><\/path><\/svg><\/span>\n\t\t\t<span class='e-closed'><svg aria-hidden=\"true\" class=\"e-font-icon-svg e-fas-plus\" viewBox=\"0 0 448 512\" xmlns=\"http:\/\/www.w3.org\/2000\/svg\"><path d=\"M416 208H272V64c0-17.67-14.33-32-32-32h-32c-17.67 0-32 14.33-32 32v144H32c-17.67 0-32 14.33-32 32v32c0 17.67 14.33 32 32 32h144v144c0 17.67 14.33 32 32 32h32c17.67 0 32-14.33 32-32V304h144c17.67 0 32-14.33 32-32v-32c0-17.67-14.33-32-32-32z\"><\/path><\/svg><\/span>\n\t\t<\/span>\n\n\t\t\t\t\t\t<\/summary>\n\t\t\t\t<div role=\"region\" aria-labelledby=\"e-n-accordion-item-1326\" class=\"elementor-element elementor-element-e620056 e-flex e-con-boxed e-con e-child\" data-id=\"e620056\" data-element_type=\"container\">\n\t\t\t\t\t<div class=\"e-con-inner\">\n\t\t<div role=\"region\" aria-labelledby=\"e-n-accordion-item-1326\" class=\"elementor-element elementor-element-3d0b12a e-con-full e-flex e-con e-child\" data-id=\"3d0b12a\" data-element_type=\"container\">\n\t\t\t\t<div class=\"elementor-element elementor-element-d67fb21 elementor-widget elementor-widget-text-editor\" data-id=\"d67fb21\" data-element_type=\"widget\" data-widget_type=\"text-editor.default\">\n\t\t\t\t\t\t\t\t\t<p><span style=\"font-weight: 400;\">Oui.<\/span><\/p><p><span style=\"font-weight: 400;\">Le polyur\u00e9thane projet\u00e9 utilis\u00e9 pour l\u2019isolation des sols est un isolant rigide con\u00e7u pour r\u00e9sister aux charges.<\/span><\/p><p><span style=\"font-weight: 400;\">Il est compatible avec les chapes traditionnelles, chapes fluides et rev\u00eatements de sol, dans le respect des r\u00e8gles de mise en \u0153uvre.<\/span><\/p>\t\t\t\t\t\t\t\t<\/div>\n\t\t\t\t<\/div>\n\t\t\t\t\t<\/div>\n\t\t\t\t<\/div>\n\t\t\t\t\t<\/details>\n\t\t\t\t\t\t<details id=\"e-n-accordion-item-1327\" class=\"e-n-accordion-item\" >\n\t\t\t\t<summary class=\"e-n-accordion-item-title\" data-accordion-index=\"8\" tabindex=\"-1\" aria-expanded=\"false\" aria-controls=\"e-n-accordion-item-1327\" >\n\t\t\t\t\t<span class='e-n-accordion-item-title-header'><div class=\"e-n-accordion-item-title-text\"> \u2753 Combien de temps dure un chantier d\u2019isolation de sol ? <\/div><\/span>\n\t\t\t\t\t\t\t<span class='e-n-accordion-item-title-icon'>\n\t\t\t<span class='e-opened' ><svg aria-hidden=\"true\" class=\"e-font-icon-svg e-fas-minus\" viewBox=\"0 0 448 512\" xmlns=\"http:\/\/www.w3.org\/2000\/svg\"><path d=\"M416 208H32c-17.67 0-32 14.33-32 32v32c0 17.67 14.33 32 32 32h384c17.67 0 32-14.33 32-32v-32c0-17.67-14.33-32-32-32z\"><\/path><\/svg><\/span>\n\t\t\t<span class='e-closed'><svg aria-hidden=\"true\" class=\"e-font-icon-svg e-fas-plus\" viewBox=\"0 0 448 512\" xmlns=\"http:\/\/www.w3.org\/2000\/svg\"><path d=\"M416 208H272V64c0-17.67-14.33-32-32-32h-32c-17.67 0-32 14.33-32 32v144H32c-17.67 0-32 14.33-32 32v32c0 17.67 14.33 32 32 32h144v144c0 17.67 14.33 32 32 32h32c17.67 0 32-14.33 32-32V304h144c17.67 0 32-14.33 32-32v-32c0-17.67-14.33-32-32-32z\"><\/path><\/svg><\/span>\n\t\t<\/span>\n\n\t\t\t\t\t\t<\/summary>\n\t\t\t\t<div role=\"region\" aria-labelledby=\"e-n-accordion-item-1327\" class=\"elementor-element elementor-element-1b2507e e-flex e-con-boxed e-con e-child\" data-id=\"1b2507e\" data-element_type=\"container\">\n\t\t\t\t\t<div class=\"e-con-inner\">\n\t\t<div role=\"region\" aria-labelledby=\"e-n-accordion-item-1327\" class=\"elementor-element elementor-element-635ebd5 e-con-full e-flex e-con e-child\" data-id=\"635ebd5\" data-element_type=\"container\">\n\t\t\t\t<div class=\"elementor-element elementor-element-b9208b8 elementor-widget elementor-widget-text-editor\" data-id=\"b9208b8\" data-element_type=\"widget\" data-widget_type=\"text-editor.default\">\n\t\t\t\t\t\t\t\t\t<p><span style=\"font-weight: 400;\">Dans la majorit\u00e9 des cas, l\u2019application de l\u2019isolant est r\u00e9alis\u00e9e en une journ\u00e9e.<\/span><\/p><p><span style=\"font-weight: 400;\">Le s\u00e9chage est rapide, ce qui permet d\u2019encha\u00eener rapidement avec les \u00e9tapes suivantes du chantier (pose des r\u00e9seaux, chape, etc.).<\/span><\/p><p><span style=\"font-weight: 400;\">La dur\u00e9e exacte d\u00e9pend bien s\u00fbr de la surface et de la configuration du chantier.<\/span><\/p>\t\t\t\t\t\t\t\t<\/div>\n\t\t\t\t<\/div>\n\t\t\t\t\t<\/div>\n\t\t\t\t<\/div>\n\t\t\t\t\t<\/details>\n\t\t\t\t\t\t<details id=\"e-n-accordion-item-1328\" class=\"e-n-accordion-item\" >\n\t\t\t\t<summary class=\"e-n-accordion-item-title\" data-accordion-index=\"9\" tabindex=\"-1\" aria-expanded=\"false\" aria-controls=\"e-n-accordion-item-1328\" >\n\t\t\t\t\t<span class='e-n-accordion-item-title-header'><div class=\"e-n-accordion-item-title-text\"> \u2753 Le polyur\u00e9thane projet\u00e9 est-il durable dans le temps ? <\/div><\/span>\n\t\t\t\t\t\t\t<span class='e-n-accordion-item-title-icon'>\n\t\t\t<span class='e-opened' ><svg aria-hidden=\"true\" class=\"e-font-icon-svg e-fas-minus\" viewBox=\"0 0 448 512\" xmlns=\"http:\/\/www.w3.org\/2000\/svg\"><path d=\"M416 208H32c-17.67 0-32 14.33-32 32v32c0 17.67 14.33 32 32 32h384c17.67 0 32-14.33 32-32v-32c0-17.67-14.33-32-32-32z\"><\/path><\/svg><\/span>\n\t\t\t<span class='e-closed'><svg aria-hidden=\"true\" class=\"e-font-icon-svg e-fas-plus\" viewBox=\"0 0 448 512\" xmlns=\"http:\/\/www.w3.org\/2000\/svg\"><path d=\"M416 208H272V64c0-17.67-14.33-32-32-32h-32c-17.67 0-32 14.33-32 32v144H32c-17.67 0-32 14.33-32 32v32c0 17.67 14.33 32 32 32h144v144c0 17.67 14.33 32 32 32h32c17.67 0 32-14.33 32-32V304h144c17.67 0 32-14.33 32-32v-32c0-17.67-14.33-32-32-32z\"><\/path><\/svg><\/span>\n\t\t<\/span>\n\n\t\t\t\t\t\t<\/summary>\n\t\t\t\t<div role=\"region\" aria-labelledby=\"e-n-accordion-item-1328\" class=\"elementor-element elementor-element-f58d1a5 e-flex e-con-boxed e-con e-child\" data-id=\"f58d1a5\" data-element_type=\"container\">\n\t\t\t\t\t<div class=\"e-con-inner\">\n\t\t<div role=\"region\" aria-labelledby=\"e-n-accordion-item-1328\" class=\"elementor-element elementor-element-aabd75c e-con-full e-flex e-con e-child\" data-id=\"aabd75c\" data-element_type=\"container\">\n\t\t\t\t<div class=\"elementor-element elementor-element-cf25252 elementor-widget elementor-widget-text-editor\" data-id=\"cf25252\" data-element_type=\"widget\" data-widget_type=\"text-editor.default\">\n\t\t\t\t\t\t\t\t\t<p><span style=\"font-weight: 400;\">Oui.<\/span><\/p><p><span style=\"font-weight: 400;\">Une fois en place, le polyur\u00e9thane projet\u00e9 conserve ses propri\u00e9t\u00e9s thermiques et m\u00e9caniques sur la dur\u00e9e de vie du b\u00e2timent.<\/span><\/p><p><span style=\"font-weight: 400;\">Il ne se tasse pas et ne se d\u00e9grade pas dans des conditions normales d\u2019utilisation.<\/span><\/p>\t\t\t\t\t\t\t\t<\/div>\n\t\t\t\t<\/div>\n\t\t\t\t\t<\/div>\n\t\t\t\t<\/div>\n\t\t\t\t\t<\/details>\n\t\t\t\t\t\t<details id=\"e-n-accordion-item-1329\" class=\"e-n-accordion-item\" >\n\t\t\t\t<summary class=\"e-n-accordion-item-title\" data-accordion-index=\"10\" tabindex=\"-1\" aria-expanded=\"false\" aria-controls=\"e-n-accordion-item-1329\" >\n\t\t\t\t\t<span class='e-n-accordion-item-title-header'><div class=\"e-n-accordion-item-title-text\"> \u2753 L\u2019isolation des sols en polyur\u00e9thane projet\u00e9 est-elle \u00e9ligible aux aides financi\u00e8res ? <\/div><\/span>\n\t\t\t\t\t\t\t<span class='e-n-accordion-item-title-icon'>\n\t\t\t<span class='e-opened' ><svg aria-hidden=\"true\" class=\"e-font-icon-svg e-fas-minus\" viewBox=\"0 0 448 512\" xmlns=\"http:\/\/www.w3.org\/2000\/svg\"><path d=\"M416 208H32c-17.67 0-32 14.33-32 32v32c0 17.67 14.33 32 32 32h384c17.67 0 32-14.33 32-32v-32c0-17.67-14.33-32-32-32z\"><\/path><\/svg><\/span>\n\t\t\t<span class='e-closed'><svg aria-hidden=\"true\" class=\"e-font-icon-svg e-fas-plus\" viewBox=\"0 0 448 512\" xmlns=\"http:\/\/www.w3.org\/2000\/svg\"><path d=\"M416 208H272V64c0-17.67-14.33-32-32-32h-32c-17.67 0-32 14.33-32 32v144H32c-17.67 0-32 14.33-32 32v32c0 17.67 14.33 32 32 32h144v144c0 17.67 14.33 32 32 32h32c17.67 0 32-14.33 32-32V304h144c17.67 0 32-14.33 32-32v-32c0-17.67-14.33-32-32-32z\"><\/path><\/svg><\/span>\n\t\t<\/span>\n\n\t\t\t\t\t\t<\/summary>\n\t\t\t\t<div role=\"region\" aria-labelledby=\"e-n-accordion-item-1329\" class=\"elementor-element elementor-element-fdd7253 e-flex e-con-boxed e-con e-child\" data-id=\"fdd7253\" data-element_type=\"container\">\n\t\t\t\t\t<div class=\"e-con-inner\">\n\t\t<div role=\"region\" aria-labelledby=\"e-n-accordion-item-1329\" class=\"elementor-element elementor-element-023e0a6 e-con-full e-flex e-con e-child\" data-id=\"023e0a6\" data-element_type=\"container\">\n\t\t\t\t<div class=\"elementor-element elementor-element-a5532cb elementor-widget elementor-widget-text-editor\" data-id=\"a5532cb\" data-element_type=\"widget\" data-widget_type=\"text-editor.default\">\n\t\t\t\t\t\t\t\t\t<p><span style=\"font-weight: 400;\">Selon la nature du projet, le type de b\u00e2timent et la r\u00e9glementation en vigueur, l\u2019isolation des sols peut s\u2019inscrire dans un parcours de r\u00e9novation \u00e9nerg\u00e9tique \u00e9ligible \u00e0 certaines aides (MaPrimeR\u00e9nov\u2019, CEE, TVA r\u00e9duite, etc.).<\/span><\/p><p><span style=\"font-weight: 400;\">Les conditions \u00e9voluant r\u00e9guli\u00e8rement, il est recommand\u00e9 de v\u00e9rifier votre \u00e9ligibilit\u00e9 au moment du projet.<\/span><\/p>\t\t\t\t\t\t\t\t<\/div>\n\t\t\t\t<\/div>\n\t\t\t\t\t<\/div>\n\t\t\t\t<\/div>\n\t\t\t\t\t<\/details>\n\t\t\t\t\t\t<details id=\"e-n-accordion-item-13210\" class=\"e-n-accordion-item\" >\n\t\t\t\t<summary class=\"e-n-accordion-item-title\" data-accordion-index=\"11\" tabindex=\"-1\" aria-expanded=\"false\" aria-controls=\"e-n-accordion-item-13210\" >\n\t\t\t\t\t<span class='e-n-accordion-item-title-header'><div class=\"e-n-accordion-item-title-text\"> \u2753 Comment obtenir un devis pour l\u2019isolation de mes sols ? <\/div><\/span>\n\t\t\t\t\t\t\t<span class='e-n-accordion-item-title-icon'>\n\t\t\t<span class='e-opened' ><svg aria-hidden=\"true\" class=\"e-font-icon-svg e-fas-minus\" viewBox=\"0 0 448 512\" xmlns=\"http:\/\/www.w3.org\/2000\/svg\"><path d=\"M416 208H32c-17.67 0-32 14.33-32 32v32c0 17.67 14.33 32 32 32h384c17.67 0 32-14.33 32-32v-32c0-17.67-14.33-32-32-32z\"><\/path><\/svg><\/span>\n\t\t\t<span class='e-closed'><svg aria-hidden=\"true\" class=\"e-font-icon-svg e-fas-plus\" viewBox=\"0 0 448 512\" xmlns=\"http:\/\/www.w3.org\/2000\/svg\"><path d=\"M416 208H272V64c0-17.67-14.33-32-32-32h-32c-17.67 0-32 14.33-32 32v144H32c-17.67 0-32 14.33-32 32v32c0 17.67 14.33 32 32 32h144v144c0 17.67 14.33 32 32 32h32c17.67 0 32-14.33 32-32V304h144c17.67 0 32-14.33 32-32v-32c0-17.67-14.33-32-32-32z\"><\/path><\/svg><\/span>\n\t\t<\/span>\n\n\t\t\t\t\t\t<\/summary>\n\t\t\t\t<div role=\"region\" aria-labelledby=\"e-n-accordion-item-13210\" class=\"elementor-element elementor-element-3a6d2d3 e-flex e-con-boxed e-con e-child\" data-id=\"3a6d2d3\" data-element_type=\"container\">\n\t\t\t\t\t<div class=\"e-con-inner\">\n\t\t<div role=\"region\" aria-labelledby=\"e-n-accordion-item-13210\" class=\"elementor-element elementor-element-aa50086 e-con-full e-flex e-con e-child\" data-id=\"aa50086\" data-element_type=\"container\">\n\t\t\t\t<div class=\"elementor-element elementor-element-39b52b5 elementor-widget elementor-widget-text-editor\" data-id=\"39b52b5\" data-element_type=\"widget\" data-widget_type=\"text-editor.default\">\n\t\t\t\t\t\t\t\t\t<p><span style=\"font-weight: 400;\">Il suffit de nous contacter pour une <\/span><b>\u00e9tude gratuite et personnalis\u00e9e<\/b><span style=\"font-weight: 400;\">.<\/span><\/p><p><span style=\"font-weight: 400;\">Nous analysons votre projet, vos contraintes techniques et vos objectifs afin de vous proposer une solution d\u2019isolation adapt\u00e9e et un devis clair.<\/span><\/p><p><span style=\"font-weight: 400;\">\ud83d\udc49 <\/span><b>Demander un devis pour l\u2019isolation de mes sols<\/b><\/p>\t\t\t\t\t\t\t\t<\/div>\n\t\t\t\t<\/div>\n\t\t\t\t\t<\/div>\n\t\t\t\t<\/div>\n\t\t\t\t\t<\/details>\n\t\t\t\t\t<\/div>\n\t\t\t\t\t\t<\/div>\n\t\t\t\t\t<\/div>\n\t\t\t\t<\/div>\n\t\t\t\t<\/div>\n\t\t","protected":false},"excerpt":{"rendered":"<p>Isolation des sols et planchers en polyur\u00e9thane projet\u00e9 Une isolation haute performance, durable et parfaitement adapt\u00e9e aux sols L\u2019isolation des sols et planchers est une \u00e9tape cl\u00e9 pour am\u00e9liorer la performance \u00e9nerg\u00e9tique d\u2019un b\u00e2timent. Gr\u00e2ce \u00e0 l\u2019isolation en polyur\u00e9thane projet\u00e9, vous b\u00e9n\u00e9ficiez d\u2019une solution continue, sans pont thermique, parfaitement adapt\u00e9e aux contraintes du neuf comme [&hellip;]<\/p>\n","protected":false},"author":1,"featured_media":0,"parent":0,"menu_order":0,"comment_status":"closed","ping_status":"closed","template":"","meta":{"footnotes":""},"class_list":["post-137","page","type-page","status-publish","hentry"],"yoast_head":"<!-- This site is optimized with the Yoast SEO plugin v26.5 - https:\/\/yoast.com\/wordpress\/plugins\/seo\/ -->\n<title>Isolation des sols en polyur\u00e9thane projet\u00e9 \u2013 Planchers &amp; dalles<\/title>\n<meta name=\"description\" content=\"Isolez vos sols et planchers avec le polyur\u00e9thane projet\u00e9 : isolation continue, adapt\u00e9e aux planchers chauffants et \u00e0 la r\u00e9novation. Devis gratuit.\" \/>\n<meta name=\"robots\" content=\"index, follow, max-snippet:-1, max-image-preview:large, max-video-preview:-1\" \/>\n<link rel=\"canonical\" href=\"https:\/\/logiso.fr\/index.php\/isolation-des-sols-et-planchers-en-polyurethane-projete\/\" \/>\n<meta property=\"og:locale\" content=\"en_US\" \/>\n<meta property=\"og:type\" content=\"article\" \/>\n<meta property=\"og:title\" content=\"Isolation des sols en polyur\u00e9thane projet\u00e9 \u2013 Planchers &amp; dalles\" \/>\n<meta property=\"og:description\" content=\"Isolez vos sols et planchers avec le polyur\u00e9thane projet\u00e9 : isolation continue, adapt\u00e9e aux planchers chauffants et \u00e0 la r\u00e9novation. Devis gratuit.\" \/>\n<meta property=\"og:url\" content=\"https:\/\/logiso.fr\/index.php\/isolation-des-sols-et-planchers-en-polyurethane-projete\/\" \/>\n<meta property=\"og:site_name\" content=\"Logiso\" \/>\n<meta property=\"article:modified_time\" content=\"2025-12-15T12:55:42+00:00\" \/>\n<meta name=\"twitter:card\" content=\"summary_large_image\" \/>\n<meta name=\"twitter:label1\" content=\"Est. reading time\" \/>\n\t<meta name=\"twitter:data1\" content=\"1 minute\" \/>\n<script type=\"application\/ld+json\" class=\"yoast-schema-graph\">{\"@context\":\"https:\/\/schema.org\",\"@graph\":[{\"@type\":\"WebPage\",\"@id\":\"https:\/\/logiso.fr\/index.php\/isolation-des-sols-et-planchers-en-polyurethane-projete\/\",\"url\":\"https:\/\/logiso.fr\/index.php\/isolation-des-sols-et-planchers-en-polyurethane-projete\/\",\"name\":\"Isolation des sols en polyur\u00e9thane projet\u00e9 \u2013 Planchers & dalles\",\"isPartOf\":{\"@id\":\"https:\/\/logiso.fr\/#website\"},\"datePublished\":\"2025-12-15T12:47:59+00:00\",\"dateModified\":\"2025-12-15T12:55:42+00:00\",\"description\":\"Isolez vos sols et planchers avec le polyur\u00e9thane projet\u00e9 : isolation continue, adapt\u00e9e aux planchers chauffants et \u00e0 la r\u00e9novation. Devis gratuit.\",\"breadcrumb\":{\"@id\":\"https:\/\/logiso.fr\/index.php\/isolation-des-sols-et-planchers-en-polyurethane-projete\/#breadcrumb\"},\"inLanguage\":\"en-US\",\"potentialAction\":[{\"@type\":\"ReadAction\",\"target\":[\"https:\/\/logiso.fr\/index.php\/isolation-des-sols-et-planchers-en-polyurethane-projete\/\"]}]},{\"@type\":\"BreadcrumbList\",\"@id\":\"https:\/\/logiso.fr\/index.php\/isolation-des-sols-et-planchers-en-polyurethane-projete\/#breadcrumb\",\"itemListElement\":[{\"@type\":\"ListItem\",\"position\":1,\"name\":\"Home\",\"item\":\"https:\/\/logiso.fr\/\"},{\"@type\":\"ListItem\",\"position\":2,\"name\":\"Isolation des sols et planchers en polyur\u00e9thane projet\u00e9\"}]},{\"@type\":\"WebSite\",\"@id\":\"https:\/\/logiso.fr\/#website\",\"url\":\"https:\/\/logiso.fr\/\",\"name\":\"Logiso\",\"description\":\"\",\"potentialAction\":[{\"@type\":\"SearchAction\",\"target\":{\"@type\":\"EntryPoint\",\"urlTemplate\":\"https:\/\/logiso.fr\/?s={search_term_string}\"},\"query-input\":{\"@type\":\"PropertyValueSpecification\",\"valueRequired\":true,\"valueName\":\"search_term_string\"}}],\"inLanguage\":\"en-US\"}]}<\/script>\n<!-- \/ Yoast SEO plugin. -->","yoast_head_json":{"title":"Isolation des sols en polyur\u00e9thane projet\u00e9 \u2013 Planchers & dalles","description":"Isolez vos sols et planchers avec le polyur\u00e9thane projet\u00e9 : isolation continue, adapt\u00e9e aux planchers chauffants et \u00e0 la r\u00e9novation. Devis gratuit.","robots":{"index":"index","follow":"follow","max-snippet":"max-snippet:-1","max-image-preview":"max-image-preview:large","max-video-preview":"max-video-preview:-1"},"canonical":"https:\/\/logiso.fr\/index.php\/isolation-des-sols-et-planchers-en-polyurethane-projete\/","og_locale":"en_US","og_type":"article","og_title":"Isolation des sols en polyur\u00e9thane projet\u00e9 \u2013 Planchers & dalles","og_description":"Isolez vos sols et planchers avec le polyur\u00e9thane projet\u00e9 : isolation continue, adapt\u00e9e aux planchers chauffants et \u00e0 la r\u00e9novation. Devis gratuit.","og_url":"https:\/\/logiso.fr\/index.php\/isolation-des-sols-et-planchers-en-polyurethane-projete\/","og_site_name":"Logiso","article_modified_time":"2025-12-15T12:55:42+00:00","twitter_card":"summary_large_image","twitter_misc":{"Est. reading time":"1 minute"},"schema":{"@context":"https:\/\/schema.org","@graph":[{"@type":"WebPage","@id":"https:\/\/logiso.fr\/index.php\/isolation-des-sols-et-planchers-en-polyurethane-projete\/","url":"https:\/\/logiso.fr\/index.php\/isolation-des-sols-et-planchers-en-polyurethane-projete\/","name":"Isolation des sols en polyur\u00e9thane projet\u00e9 \u2013 Planchers & dalles","isPartOf":{"@id":"https:\/\/logiso.fr\/#website"},"datePublished":"2025-12-15T12:47:59+00:00","dateModified":"2025-12-15T12:55:42+00:00","description":"Isolez vos sols et planchers avec le polyur\u00e9thane projet\u00e9 : isolation continue, adapt\u00e9e aux planchers chauffants et \u00e0 la r\u00e9novation. Devis gratuit.","breadcrumb":{"@id":"https:\/\/logiso.fr\/index.php\/isolation-des-sols-et-planchers-en-polyurethane-projete\/#breadcrumb"},"inLanguage":"en-US","potentialAction":[{"@type":"ReadAction","target":["https:\/\/logiso.fr\/index.php\/isolation-des-sols-et-planchers-en-polyurethane-projete\/"]}]},{"@type":"BreadcrumbList","@id":"https:\/\/logiso.fr\/index.php\/isolation-des-sols-et-planchers-en-polyurethane-projete\/#breadcrumb","itemListElement":[{"@type":"ListItem","position":1,"name":"Home","item":"https:\/\/logiso.fr\/"},{"@type":"ListItem","position":2,"name":"Isolation des sols et planchers en polyur\u00e9thane projet\u00e9"}]},{"@type":"WebSite","@id":"https:\/\/logiso.fr\/#website","url":"https:\/\/logiso.fr\/","name":"Logiso","description":"","potentialAction":[{"@type":"SearchAction","target":{"@type":"EntryPoint","urlTemplate":"https:\/\/logiso.fr\/?s={search_term_string}"},"query-input":{"@type":"PropertyValueSpecification","valueRequired":true,"valueName":"search_term_string"}}],"inLanguage":"en-US"}]}},"_links":{"self":[{"href":"https:\/\/logiso.fr\/index.php\/wp-json\/wp\/v2\/pages\/137","targetHints":{"allow":["GET"]}}],"collection":[{"href":"https:\/\/logiso.fr\/index.php\/wp-json\/wp\/v2\/pages"}],"about":[{"href":"https:\/\/logiso.fr\/index.php\/wp-json\/wp\/v2\/types\/page"}],"author":[{"embeddable":true,"href":"https:\/\/logiso.fr\/index.php\/wp-json\/wp\/v2\/users\/1"}],"replies":[{"embeddable":true,"href":"https:\/\/logiso.fr\/index.php\/wp-json\/wp\/v2\/comments?post=137"}],"version-history":[{"count":4,"href":"https:\/\/logiso.fr\/index.php\/wp-json\/wp\/v2\/pages\/137\/revisions"}],"predecessor-version":[{"id":141,"href":"https:\/\/logiso.fr\/index.php\/wp-json\/wp\/v2\/pages\/137\/revisions\/141"}],"wp:attachment":[{"href":"https:\/\/logiso.fr\/index.php\/wp-json\/wp\/v2\/media?parent=137"}],"curies":[{"name":"wp","href":"https:\/\/api.w.org\/{rel}","templated":true}]}}